



{"id":6669,"date":"2020-07-14T13:55:00","date_gmt":"2020-07-14T11:55:00","guid":{"rendered":"https:\/\/igfae.usc.es\/~igfae-old\/?page_id=5536"},"modified":"2025-05-19T14:21:38","modified_gmt":"2025-05-19T12:21:38","slug":"identidade-visual","status":"publish","type":"page","link":"https:\/\/igfae.usc.es\/~igfae-old\/gl\/identidade-visual\/","title":{"rendered":"Identidade visual"},"content":{"rendered":"<p>[vc_row foundry_background_style=&#8221;bg-secondary&#8221;][vc_column css=&#8221;.vc_custom_1565621136979{margin-top: 40px !important;}&#8221;][vc_column_text]2024 e 2025 est\u00e1n a ser anos de transformaci\u00f3ns no IGFAE. A apertura da nova sede, xunto \u00e1 concesi\u00f3n das acreditaci\u00f3ns da Unidade de Excelencia Mar\u00eda de Maeztu e a rede de centros singulares da Xunta de Galicia, supo\u00f1en o inicio dun novo per\u00edodo, que consolidar\u00e1 ao IGFAE na vangarda cient\u00edfica nas s\u00faas \u00e1reas de investigaci\u00f3n.<\/p>\n<p>O IGFAE est\u00e1 formado por un equipo que supera amplamente o cento de persoas. Co seu labor diario demostraron a s\u00faa capacidade para acadar os fitos que hoxe sit\u00faan ao centro como unha referencia.<\/p>\n<p>No marco desta nova etapa, a Direcci\u00f3n e a Unidade de Xesti\u00f3n do IGFAE levan desde 2023 traballando, da man do estudo de dese\u00f1o Novagarda, na renovaci\u00f3n da identidade visual do centro. O cambio completarase cunha nova p\u00e1xina web, que se lanzar\u00e1 no primeiro semestre de 2025.<\/p>\n<p>Co obxectivo de familiarizar ao persoal do Instituto con esta nova identidade, adiantamos aqu\u00ed <strong>os requirimentos que se deben seguir en todas as comunicaci\u00f3ns e actividades. <\/strong><\/p>\n<p><span style=\"color: #ff0000;\"><strong>NOTA<\/strong><\/span>: <strong>O incumprimento destas instruci\u00f3ns pode causar serios inconvenientes na entrega de informes e memorias xustificativas, coa consecuente sobrecarga de traballo para o persoal da Unidade de Xesti\u00f3n e o risco de penalizaci\u00f3n nos fondos que recibe o IGFAE e o seu persoal investigador por parte das entidades financiadoras. <\/strong><\/p>\n<h5><strong>En caso de calquera d\u00fabida ou consulta sobre estas instruci\u00f3ns, recom\u00e9ndase contactar coa Unidade de Xesti\u00f3n e Comunicaci\u00f3n: communication@igfae.usc.es.<\/strong><\/h5>\n<hr \/>\n<h5><\/h5>\n<h3 style=\"text-align: center;\"><a href=\"https:\/\/nubeusc.sharepoint.com\/:f:\/r\/sites\/IGFAEResearchCentre\/Shared%20Documents\/Visual%20Identity%2007_2024%20materials?csf=1&amp;web=1&amp;e=kozSH9\" target=\"_blank\" rel=\"noopener\"><span style=\"color: #0000ff;\"><strong>Descarga todos os materiais nesta ligaz\u00f3n<\/strong><\/span><\/a><\/h3>\n<hr \/>\n<p>[\/vc_column_text][vc_column_text css=&#8221;.vc_custom_1692613574138{border-left-width: 25px !important;padding-left: 10px !important;border-left-color: #055dbe !important;border-left-style: solid !important;}&#8221;]<\/p>\n<h4><span style=\"color: #055dbe;\"><strong>Principais elementos de comunicaci\u00f3n<\/strong><\/span><\/h4>\n<p>[\/vc_column_text][vc_column_text]<\/p>\n<h4><strong>Logo do IGFAE<\/strong><\/h4>\n<p>A Xunta de Goberno do IGFAE aprobou a comezos de 2024 o novo logo do Instituto, un dos principais elementos da identidade visual.<\/p>\n<p><img loading=\"lazy\" class=\"aligncenter wp-image-17318 size-medium\" src=\"https:\/\/igfae.usc.es\/~igfae-old\/wp-content\/uploads\/2025\/01\/IGFAE_VERSIONES-02_azul-escuro-6-300x96.png\" alt=\"\" width=\"300\" height=\"96\" srcset=\"https:\/\/igfae.usc.es\/~igfae-old\/wp-content\/uploads\/2025\/01\/IGFAE_VERSIONES-02_azul-escuro-6-300x96.png 300w, https:\/\/igfae.usc.es\/~igfae-old\/wp-content\/uploads\/2025\/01\/IGFAE_VERSIONES-02_azul-escuro-6-1024x327.png 1024w, https:\/\/igfae.usc.es\/~igfae-old\/wp-content\/uploads\/2025\/01\/IGFAE_VERSIONES-02_azul-escuro-6-768x245.png 768w, https:\/\/igfae.usc.es\/~igfae-old\/wp-content\/uploads\/2025\/01\/IGFAE_VERSIONES-02_azul-escuro-6-1536x490.png 1536w, https:\/\/igfae.usc.es\/~igfae-old\/wp-content\/uploads\/2025\/01\/IGFAE_VERSIONES-02_azul-escuro-6.png 1771w\" sizes=\"(max-width: 300px) 100vw, 300px\" \/><\/p>\n<h4><strong>Tipograf\u00eda principal: Roobert Pro<\/strong><\/h4>\n<p><strong><img loading=\"lazy\" class=\"size-full wp-image-15849 alignleft\" src=\"https:\/\/igfae.usc.es\/~igfae-old\/wp-content\/uploads\/2024\/07\/roobert-pro.png\" alt=\"\" width=\"165\" height=\"165\" srcset=\"https:\/\/igfae.usc.es\/~igfae-old\/wp-content\/uploads\/2024\/07\/roobert-pro.png 165w, https:\/\/igfae.usc.es\/~igfae-old\/wp-content\/uploads\/2024\/07\/roobert-pro-150x150.png 150w, https:\/\/igfae.usc.es\/~igfae-old\/wp-content\/uploads\/2024\/07\/roobert-pro-60x60.png 60w\" sizes=\"(max-width: 165px) 100vw, 165px\" \/>En todos os documentos<\/strong> oficiais, presentaci\u00f3ns, informes e comunicaci\u00f3ns p\u00fablicas, deber\u00e1 utilizarse a familia tipogr\u00e1fica Roobert Pro, coas s\u00faas diferentes variables, que poden verse \u00e1 esquerda deste texto.<\/p>\n<p>&nbsp;<\/p>\n<p>&nbsp;<\/p>\n<p>&nbsp;<\/p>\n<p>&nbsp;<\/p>\n<h4><strong>Logo da Universidade de Santiago de Compostela<\/strong><\/h4>\n<p><img loading=\"lazy\" class=\"size-full wp-image-15852 alignleft\" src=\"https:\/\/igfae.usc.es\/~igfae-old\/wp-content\/uploads\/2024\/07\/usc.png\" alt=\"\" width=\"128\" height=\"82\" \/>Como centro mixto da Universidade de Santiago de Compostela e a Xunta de Galicia, o IGFAE debe <strong>visibilizar en todas as s\u00faas comunicaci\u00f3ns <\/strong>a presenza da USC. Nesta nova identidade, o logo da Universidade aparecer\u00e1 xunto ao do resto de entidades financiadoras, no mesmo tama\u00f1o e xerarqu\u00eda.<\/p>\n<p>&nbsp;<\/p>\n<h4><strong>Instruci\u00f3ns de comunicaci\u00f3n da acreditaci\u00f3n de Excelencia Mar\u00eda de Maeztu<\/strong><\/h4>\n<p>A nova acreditaci\u00f3n do IGFAE como Unidade de Excelencia Mar\u00eda de Maeztu obriga tam\u00e9n ao estrito cumprimento das instruci\u00f3ns de comunicaci\u00f3n e publicidade.<\/p>\n<p><strong>En todos os casos, deber\u00e1 inclu\u00edrse:<\/strong><\/p>\n<ul>\n<li>Logotipo correspondente do Ministerio de Ciencia, Innovaci\u00f3n e Universidades, e a Axencia Estatal de Investigaci\u00f3n<\/li>\n<li>Selo da acreditaci\u00f3n de excelencia Mar\u00eda de Maeztu (inclu\u00eddo os anos de vixencia da mesma 2024-2030)<\/li>\n<li>Lenda coa referencia da axuda<\/li>\n<\/ul>\n<p><strong>&#8220;Axuda Mar\u00eda de Maeztu CEX2023-001318-M financiada por<\/strong><strong>\u00a0<\/strong><strong>MICIU\/AEI\/10.13039\/501100011033&#8243;<\/strong><\/p>\n<p><img loading=\"lazy\" class=\"alignright wp-image-16237 size-large\" src=\"https:\/\/igfae.usc.es\/~igfae-old\/wp-content\/uploads\/2024\/09\/MICIU-MdM-2024-2030_positivo-1024x153.png\" alt=\"\" width=\"1024\" height=\"153\" srcset=\"https:\/\/igfae.usc.es\/~igfae-old\/wp-content\/uploads\/2024\/09\/MICIU-MdM-2024-2030_positivo-1024x153.png 1024w, https:\/\/igfae.usc.es\/~igfae-old\/wp-content\/uploads\/2024\/09\/MICIU-MdM-2024-2030_positivo-300x45.png 300w, https:\/\/igfae.usc.es\/~igfae-old\/wp-content\/uploads\/2024\/09\/MICIU-MdM-2024-2030_positivo-768x115.png 768w, https:\/\/igfae.usc.es\/~igfae-old\/wp-content\/uploads\/2024\/09\/MICIU-MdM-2024-2030_positivo-1536x230.png 1536w, https:\/\/igfae.usc.es\/~igfae-old\/wp-content\/uploads\/2024\/09\/MICIU-MdM-2024-2030_positivo-2048x307.png 2048w\" sizes=\"(max-width: 1024px) 100vw, 1024px\" \/><\/p>\n<p>&nbsp;<\/p>\n<h4><strong>Instruci\u00f3ns da acreditaci\u00f3n de centros de excelencia de Galicia (CIGUS)<\/strong><\/h4>\n<p>O IGFAE \u00e9 un dos 10 centros que pos\u00fae a acreditaci\u00f3n de excelencia dentro da rede CIGUS. De acordo aos requirimentos de publicidade, o persoal do IGFAE deber\u00e1 inclu\u00edr <strong>en todas as acci\u00f3ns de informaci\u00f3n e comunicaci\u00f3n,<\/strong> nesta orde, os logos da Xunta de Galicia, a rede CIGUS e a menci\u00f3n \u00e1 UE e os Fondos Europeos:<\/p>\n<p>&nbsp;<\/p>\n<p><img loading=\"lazy\" class=\"alignnone size-full wp-image-16707\" src=\"https:\/\/igfae.usc.es\/~igfae-old\/wp-content\/uploads\/2024\/11\/Rede-cigus-novo-3.png\" alt=\"\" width=\"1053\" height=\"84\" srcset=\"https:\/\/igfae.usc.es\/~igfae-old\/wp-content\/uploads\/2024\/11\/Rede-cigus-novo-3.png 1053w, https:\/\/igfae.usc.es\/~igfae-old\/wp-content\/uploads\/2024\/11\/Rede-cigus-novo-3-300x24.png 300w, https:\/\/igfae.usc.es\/~igfae-old\/wp-content\/uploads\/2024\/11\/Rede-cigus-novo-3-1024x82.png 1024w, https:\/\/igfae.usc.es\/~igfae-old\/wp-content\/uploads\/2024\/11\/Rede-cigus-novo-3-768x61.png 768w\" sizes=\"(max-width: 1053px) 100vw, 1053px\" \/><\/p>\n<hr \/>\n<h4><strong>Outros programas de financiamento<\/strong><\/h4>\n<p>Os anteriores requirimentos non excl\u00faen a necesidade de que, no caso de acci\u00f3ns financiadas por outras instancias (colaboraci\u00f3ns con outros centros de investigaci\u00f3n, European Research Council, programa Oportunius, etc<strong>.<\/strong>),<strong> se deba cumprir tam\u00e9n coas instruci\u00f3ns pertinentes. <\/strong><\/p>\n<p>En caso de calquera d\u00fabida ou consulta sobre estas instruci\u00f3ns, <strong>contactar coa Unidade de Xesti\u00f3n e Comunicaci\u00f3n (<\/strong><a href=\"mailto:communication@igfae.usc.es\"><strong>communication@igfae.usc.es<\/strong><\/a><strong>)<\/strong><\/p>\n<p>Recom\u00e9ndase, cando sexa posible, remitir os materiais a esta Unidade para verificar o cumprimento das instruci\u00f3ns de comunicaci\u00f3n e publicidade.<\/p>\n<hr \/>\n<h4><strong>En que materiais de comunicaci\u00f3n debo inclu\u00edr estes logos?<\/strong><\/h4>\n<p>A resposta r\u00e1pida \u00e9: <strong>en todos.<\/strong><\/p>\n<p>Aqu\u00ed van, en todo caso, alg\u00fans exemplos dos materiais onde \u00e9 imprescindible e obrigatorio cumprir con estas instruci\u00f3ns<\/p>\n<ul>\n<li>Presentaci\u00f3ns en conferencias (charlas e p\u00f3sters), obradoiros, seminarios, cursos, etc.<\/li>\n<li>Certificados ou informes de asistencia<\/li>\n<li>Material de comunicaci\u00f3n ou merchandising (rollups, libretas, bolsas, carpetas, etc.)<\/li>\n<li>P\u00e1xinas web: os logos deben amosarse no \u2018footer\u2019 ou na secci\u00f3n correspondente de patrocinadores \/ financiadores.<\/li>\n<\/ul>\n<hr \/>\n<h4><strong>Publicaci\u00f3ns cient\u00edficas<\/strong><\/h4>\n<p>Deber\u00e1 inclu\u00edrse un par\u00e1grafo no que se mencione o financiamento nas resoluci\u00f3ns e publicaci\u00f3ns cient\u00edficas que sexan co-financiadas. Exemplos:<\/p>\n<p><strong><em>\u00abMar\u00eda de Maeztu grant CEX2023-001318-M funded by<\/em><\/strong><strong><em>\u00a0<\/em><\/strong><strong><em>MICIU\/AEI\/10.13039\/501100011033. \u00bb<\/em><\/strong><\/p>\n<p><strong><em>\u00a0<\/em><\/strong><strong><em>\u00abThis work has received financial support from the Xunta de Galicia (CIGUS Network of Research Centres) and the European Union.\u00bb<\/em><\/strong><\/p>\n<hr \/>\n<h4><strong>Sinatura de correo electr\u00f3nico<\/strong><\/h4>\n<p>Co obxectivo de reforzar a identidade do IGFAE, unificando a estrutura da sinatura persoal, acons\u00e9llase o uso deste modelo nos correos electr\u00f3nicos. Recom\u00e9ndase, igualmente, usar o nome completo do Instituto en galego, de forma coherente co acr\u00f3nimo IGFAE:<\/p>\n<p>Nome Apelido (pronomes)<br \/>\nPosto<br \/>\nInstituto Galego de F\u00edsica de Altas Enerx\u00edas (IGFAE)<br \/>\nEmail:<br \/>\nTel: +34<br \/>\nWeb: https:\/\/igfae.usc.es\/<br \/>\nP\u00e1xina persoal ou redes sociais<\/p>\n<p><strong>Exemplo<\/strong>:<br \/>\nManuel Rey (el)<br \/>\nIGFAE Communication Officer<br \/>\nInstituto Galego de F\u00edsica de Altas Enerx\u00edas (IGFAE)<br \/>\nEmail: communication@igfae.usc.es<br \/>\nTel: +34 881 814 033 \/ ext 14033<br \/>\nWeb: https:\/\/igfae.usc.es\/<br \/>\nFollow us on Twitter and Instagram @IGFAE_HEP<\/p>\n<h4><strong>Modelos de documentos<\/strong><\/h4>\n<p>Na ligaz\u00f3n dispo\u00f1ible ao comezo desta p\u00e1xina podes atopar modelos de documentos como<\/p>\n<ul>\n<li>Modelo de documento de texto<\/li>\n<li>Modelo de documento de texto con capa<\/li>\n<li>Modelo de carta<\/li>\n<li>Modelo de presentaci\u00f3n de diapositivas 16:9<\/li>\n<li>Modelo de presentaci\u00f3n de diapositivas\u00a0 4:3<\/li>\n<li>Modelo de informe de participaci\u00f3n<\/li>\n<\/ul>\n<p>[\/vc_column_text][\/vc_column][\/vc_row]<\/p>\n","protected":false},"excerpt":{"rendered":"<p>[vc_row foundry_background_style=&#8221;bg-secondary&#8221;][vc_column css=&#8221;.vc_custom_1565621136979{margin-top: 40px !important;}&#8221;][vc_column_text]2024 e 2025 est\u00e1n a ser anos de transformaci\u00f3ns no IGFAE. A apertura da nova sede, xunto&#8230;<\/p>\n","protected":false},"author":8,"featured_media":16244,"parent":0,"menu_order":0,"comment_status":"closed","ping_status":"closed","template":"","meta":{"om_disable_all_campaigns":false,"_monsterinsights_skip_tracking":false,"_monsterinsights_sitenote_active":false,"_monsterinsights_sitenote_note":"","_monsterinsights_sitenote_category":0},"aioseo_notices":[],"yoast_head":"<!-- This site is optimized with the Yoast SEO plugin v18.4.1 - https:\/\/yoast.com\/wordpress\/plugins\/seo\/ -->\n<title>Identidade visual - IGFAE<\/title>\n<meta name=\"robots\" content=\"index, follow, max-snippet:-1, max-image-preview:large, max-video-preview:-1\" \/>\n<link rel=\"canonical\" href=\"https:\/\/igfae.usc.es\/~igfae-old\/gl\/identidade-visual\/\" \/>\n<meta property=\"og:locale\" content=\"gl_ES\" \/>\n<meta property=\"og:type\" content=\"article\" \/>\n<meta property=\"og:title\" content=\"Identidade visual - IGFAE\" \/>\n<meta property=\"og:description\" content=\"[vc_row foundry_background_style=&#8221;bg-secondary&#8221;][vc_column css=&#8221;.vc_custom_1565621136979{margin-top: 40px !important;}&#8221;][vc_column_text]2024 e 2025 est\u00e1n a ser anos de transformaci\u00f3ns no IGFAE. A apertura da nova sede, xunto...\" \/>\n<meta property=\"og:url\" content=\"https:\/\/igfae.usc.es\/~igfae-old\/gl\/identidade-visual\/\" \/>\n<meta property=\"og:site_name\" content=\"IGFAE\" \/>\n<meta property=\"article:modified_time\" content=\"2025-05-19T12:21:38+00:00\" \/>\n<meta property=\"og:image\" content=\"https:\/\/igfae.usc.es\/~igfae-old\/wp-content\/uploads\/2024\/09\/ig.png\" \/>\n\t<meta property=\"og:image:width\" content=\"1000\" \/>\n\t<meta property=\"og:image:height\" content=\"1000\" \/>\n\t<meta property=\"og:image:type\" content=\"image\/png\" \/>\n<meta name=\"twitter:card\" content=\"summary_large_image\" \/>\n<meta name=\"twitter:site\" content=\"@igfae_hep\" \/>\n<meta name=\"twitter:label1\" content=\"Tempo de lectura\" \/>\n\t<meta name=\"twitter:data1\" content=\"5 minutos\" \/>\n<script type=\"application\/ld+json\" class=\"yoast-schema-graph\">{\"@context\":\"https:\/\/schema.org\",\"@graph\":[{\"@type\":\"WebSite\",\"@id\":\"https:\/\/igfae.usc.es\/~igfae-old\/#website\",\"url\":\"https:\/\/igfae.usc.es\/~igfae-old\/\",\"name\":\"IGFAE\",\"description\":\"Instituto Galego de F\u00edsica de Altas Enerx\u00edas\",\"potentialAction\":[{\"@type\":\"SearchAction\",\"target\":{\"@type\":\"EntryPoint\",\"urlTemplate\":\"https:\/\/igfae.usc.es\/~igfae-old\/?s={search_term_string}\"},\"query-input\":\"required name=search_term_string\"}],\"inLanguage\":\"gl-ES\"},{\"@type\":\"ImageObject\",\"@id\":\"https:\/\/igfae.usc.es\/~igfae-old\/gl\/identidade-visual\/#primaryimage\",\"inLanguage\":\"gl-ES\",\"url\":\"https:\/\/igfae.usc.es\/~igfae-old\/wp-content\/uploads\/2024\/09\/ig.png\",\"contentUrl\":\"https:\/\/igfae.usc.es\/~igfae-old\/wp-content\/uploads\/2024\/09\/ig.png\",\"width\":1000,\"height\":1000},{\"@type\":\"WebPage\",\"@id\":\"https:\/\/igfae.usc.es\/~igfae-old\/gl\/identidade-visual\/#webpage\",\"url\":\"https:\/\/igfae.usc.es\/~igfae-old\/gl\/identidade-visual\/\",\"name\":\"Identidade visual - IGFAE\",\"isPartOf\":{\"@id\":\"https:\/\/igfae.usc.es\/~igfae-old\/#website\"},\"primaryImageOfPage\":{\"@id\":\"https:\/\/igfae.usc.es\/~igfae-old\/gl\/identidade-visual\/#primaryimage\"},\"datePublished\":\"2020-07-14T11:55:00+00:00\",\"dateModified\":\"2025-05-19T12:21:38+00:00\",\"breadcrumb\":{\"@id\":\"https:\/\/igfae.usc.es\/~igfae-old\/gl\/identidade-visual\/#breadcrumb\"},\"inLanguage\":\"gl-ES\",\"potentialAction\":[{\"@type\":\"ReadAction\",\"target\":[\"https:\/\/igfae.usc.es\/~igfae-old\/gl\/identidade-visual\/\"]}]},{\"@type\":\"BreadcrumbList\",\"@id\":\"https:\/\/igfae.usc.es\/~igfae-old\/gl\/identidade-visual\/#breadcrumb\",\"itemListElement\":[{\"@type\":\"ListItem\",\"position\":1,\"name\":\"Home\",\"item\":\"https:\/\/igfae.usc.es\/~igfae-old\/gl\/\"},{\"@type\":\"ListItem\",\"position\":2,\"name\":\"Identidade visual\"}]}]}<\/script>\n<!-- \/ Yoast SEO plugin. -->","yoast_head_json":{"title":"Identidade visual - IGFAE","robots":{"index":"index","follow":"follow","max-snippet":"max-snippet:-1","max-image-preview":"max-image-preview:large","max-video-preview":"max-video-preview:-1"},"canonical":"https:\/\/igfae.usc.es\/~igfae-old\/gl\/identidade-visual\/","og_locale":"gl_ES","og_type":"article","og_title":"Identidade visual - IGFAE","og_description":"[vc_row foundry_background_style=&#8221;bg-secondary&#8221;][vc_column css=&#8221;.vc_custom_1565621136979{margin-top: 40px !important;}&#8221;][vc_column_text]2024 e 2025 est\u00e1n a ser anos de transformaci\u00f3ns no IGFAE. A apertura da nova sede, xunto...","og_url":"https:\/\/igfae.usc.es\/~igfae-old\/gl\/identidade-visual\/","og_site_name":"IGFAE","article_modified_time":"2025-05-19T12:21:38+00:00","og_image":[{"width":1000,"height":1000,"url":"https:\/\/igfae.usc.es\/~igfae-old\/wp-content\/uploads\/2024\/09\/ig.png","type":"image\/png"}],"twitter_card":"summary_large_image","twitter_site":"@igfae_hep","twitter_misc":{"Tempo de lectura":"5 minutos"},"schema":{"@context":"https:\/\/schema.org","@graph":[{"@type":"WebSite","@id":"https:\/\/igfae.usc.es\/~igfae-old\/#website","url":"https:\/\/igfae.usc.es\/~igfae-old\/","name":"IGFAE","description":"Instituto Galego de F\u00edsica de Altas Enerx\u00edas","potentialAction":[{"@type":"SearchAction","target":{"@type":"EntryPoint","urlTemplate":"https:\/\/igfae.usc.es\/~igfae-old\/?s={search_term_string}"},"query-input":"required name=search_term_string"}],"inLanguage":"gl-ES"},{"@type":"ImageObject","@id":"https:\/\/igfae.usc.es\/~igfae-old\/gl\/identidade-visual\/#primaryimage","inLanguage":"gl-ES","url":"https:\/\/igfae.usc.es\/~igfae-old\/wp-content\/uploads\/2024\/09\/ig.png","contentUrl":"https:\/\/igfae.usc.es\/~igfae-old\/wp-content\/uploads\/2024\/09\/ig.png","width":1000,"height":1000},{"@type":"WebPage","@id":"https:\/\/igfae.usc.es\/~igfae-old\/gl\/identidade-visual\/#webpage","url":"https:\/\/igfae.usc.es\/~igfae-old\/gl\/identidade-visual\/","name":"Identidade visual - IGFAE","isPartOf":{"@id":"https:\/\/igfae.usc.es\/~igfae-old\/#website"},"primaryImageOfPage":{"@id":"https:\/\/igfae.usc.es\/~igfae-old\/gl\/identidade-visual\/#primaryimage"},"datePublished":"2020-07-14T11:55:00+00:00","dateModified":"2025-05-19T12:21:38+00:00","breadcrumb":{"@id":"https:\/\/igfae.usc.es\/~igfae-old\/gl\/identidade-visual\/#breadcrumb"},"inLanguage":"gl-ES","potentialAction":[{"@type":"ReadAction","target":["https:\/\/igfae.usc.es\/~igfae-old\/gl\/identidade-visual\/"]}]},{"@type":"BreadcrumbList","@id":"https:\/\/igfae.usc.es\/~igfae-old\/gl\/identidade-visual\/#breadcrumb","itemListElement":[{"@type":"ListItem","position":1,"name":"Home","item":"https:\/\/igfae.usc.es\/~igfae-old\/gl\/"},{"@type":"ListItem","position":2,"name":"Identidade visual"}]}]}},"_links":{"self":[{"href":"https:\/\/igfae.usc.es\/~igfae-old\/gl\/wp-json\/wp\/v2\/pages\/6669"}],"collection":[{"href":"https:\/\/igfae.usc.es\/~igfae-old\/gl\/wp-json\/wp\/v2\/pages"}],"about":[{"href":"https:\/\/igfae.usc.es\/~igfae-old\/gl\/wp-json\/wp\/v2\/types\/page"}],"author":[{"embeddable":true,"href":"https:\/\/igfae.usc.es\/~igfae-old\/gl\/wp-json\/wp\/v2\/users\/8"}],"replies":[{"embeddable":true,"href":"https:\/\/igfae.usc.es\/~igfae-old\/gl\/wp-json\/wp\/v2\/comments?post=6669"}],"version-history":[{"count":39,"href":"https:\/\/igfae.usc.es\/~igfae-old\/gl\/wp-json\/wp\/v2\/pages\/6669\/revisions"}],"predecessor-version":[{"id":17515,"href":"https:\/\/igfae.usc.es\/~igfae-old\/gl\/wp-json\/wp\/v2\/pages\/6669\/revisions\/17515"}],"wp:featuredmedia":[{"embeddable":true,"href":"https:\/\/igfae.usc.es\/~igfae-old\/gl\/wp-json\/wp\/v2\/media\/16244"}],"wp:attachment":[{"href":"https:\/\/igfae.usc.es\/~igfae-old\/gl\/wp-json\/wp\/v2\/media?parent=6669"}],"curies":[{"name":"wp","href":"https:\/\/api.w.org\/{rel}","templated":true}]}}