



{"id":6060,"date":"2020-05-11T11:08:02","date_gmt":"2020-05-11T09:08:02","guid":{"rendered":"https:\/\/igfae.usc.es\/~igfae-old\/?page_id=6060"},"modified":"2020-12-18T12:07:10","modified_gmt":"2020-12-18T10:07:10","slug":"universo-peregrino","status":"publish","type":"page","link":"https:\/\/igfae.usc.es\/~igfae-old\/gl\/universo-peregrino\/","title":{"rendered":"Universo peregrino: ciencia galega cara o mundo"},"content":{"rendered":"<p>[vc_row foundry_background_style=&#8221;bg-secondary&#8221; css=&#8221;.vc_custom_1589187503952{background-color: #ffffff !important;}&#8221;][vc_column css=&#8221;.vc_custom_1565621136979{margin-top: 40px !important;}&#8221;][vc_column_text]<\/p>\n<p class=\"lead\">\u201cUniverso peregrino: ciencia galega cara o mundo\u201d \u00e9 un ciclo de charlas divulgativas online organizado polo Instituto Galego de F\u00edsica de Altas Enerx\u00edas (IGFAE) da Universidade de Santiago de Compostela para a comunidade galegofalanteinternacional. En momentos de illamento no que os peregrinos non poden vir a Santiago, a cidade Xacobea \u00e9 a que reconstr\u00fae as pontes e emprende a peregrinaxe cara ao mundo. Todos os xoves de maio e xu\u00f1o de 2020, \u00e1s 16:00 (hora de Madrid), o persoal investigador do IGFAE dar\u00e1 unha charla sobre distintos temas de f\u00edsica que poden seguirse online. Despois subiranse na <a href=\"https:\/\/youtube.com\/playlist?list=PLBq1bmlryLC6nzRbGKsc5c4k-RXkFOXwY\">canle de Youtube do IGFAE<\/a>.<\/p>\n<p>[\/vc_column_text][vc_row_inner][vc_column_inner width=&#8221;1\/3&#8243; css=&#8221;.vc_custom_1530097449062{padding-right: 10px !important;padding-left: 10px !important;}&#8221;][vc_hoverbox image=&#8221;5999&#8243; primary_title=&#8221;&#8221; hover_title=&#8221;&#8221; shape=&#8221;square&#8221;]Cibr\u00e1n Santamarina expl\u00edcanos nesta primeira charla as orixes da materia e como se investigan no CERN part\u00edculas como o bos\u00f3n de Higgs.[\/vc_hoverbox][vc_hoverbox image=&#8221;7316&#8243; primary_title=&#8221;&#8221; hover_title=&#8221;&#8221; shape=&#8221;square&#8221; css=&#8221;.vc_custom_1603876997165{padding-top: 40px !important;}&#8221;]\u00c1s veces, atopar a orixe das cousas m\u00e1is pequenas nas que se pode pensar require descubrir como nacen e morren as estrelas. E os mecanismos que inventamos no laboratorio para entender os misterios dos n\u00facleos at\u00f3micos serven para diagnosticar e curar enfermidades. Faremos unha breve revisi\u00f3n do mundo subat\u00f3mico, lembr\u00e1ndonos que todos somos po de estrelas.<\/p>\n<p>[\/vc_hoverbox][vc_hoverbox image=&#8221;7345&#8243; primary_title=&#8221;&#8221; hover_title=&#8221;&#8221; shape=&#8221;square&#8221; css=&#8221;.vc_custom_1603877054667{padding-top: 40px !important;}&#8221;]Os seres humanos somos de natureza curiosa e m\u00e1is dunha vez plantex\u00e1monos as preguntas: Por que estamos eiqu\u00ed? De onde vimos? De onde ven o mundo? De que est\u00e1 feito? Nesta charla\u00a0 tratararemos de mostrar que temos xa algunhas respostas do universo asombrosamente complexo no que vivimos.<\/p>\n<p>[\/vc_hoverbox][\/vc_column_inner][vc_column_inner width=&#8221;1\/3&#8243;][vc_hoverbox image=&#8221;6032&#8243; primary_title=&#8221;&#8221; hover_title=&#8221;&#8221; shape=&#8221;square&#8221;]<span class=\"style-scope yt-formatted-string\" dir=\"auto\">De onde v\u00e9n todo isto que vemos ao noso redor? Fai un s\u00e9culo esta pregunta quedaba f\u00f3ra do dominio da f\u00edsica, mais os impresionantes avances cient\u00edficos que se produciron nos \u00faltimos cen anos deron resposta a moitas preguntas referidas \u00e1 orixe e evoluci\u00f3n do Universo. N<\/span><span class=\"style-scope yt-formatted-string\" dir=\"auto\">esta charla faremos unha introduci\u00f3n aos logros m\u00e1is salientables desta fascinante empresa intelectual e situar\u00e1 o papel que nela xogou Stephen Hawking.<\/span>[\/vc_hoverbox][vc_hoverbox image=&#8221;7326&#8243; primary_title=&#8221;&#8221; hover_title=&#8221;&#8221; shape=&#8221;square&#8221; css=&#8221;.vc_custom_1603877017949{padding-top: 40px !important;}&#8221;]A ciencia de ficci\u00f3n sempre se interesou polos quarks e os glu\u00f3ns, pero sabiades que son moi reais? Estas part\u00edculas, os bloques fundamentais da forza forte, son imprescindibles para explicar a orixe do universo, por iso hoxe en dia \u00e9 un tema moi en auxe na f\u00edsica.<\/p>\n<p>[\/vc_hoverbox][vc_hoverbox image=&#8221;7373&#8243; primary_title=&#8221;&#8221; hover_title=&#8221;&#8221; shape=&#8221;square&#8221; css=&#8221;.vc_custom_1603877067064{padding-top: 40px !important;}&#8221;]Se o Universo tivese 24 horas, a materia que comp\u00f3n todo o que nos rodea formouse en tan s\u00f3 os 3 primeiros minutos. Dende os quarks, glu\u00f3ns e lept\u00f3ns, as part\u00edculas m\u00e1is elementais e \u00fanicas, ata a enorme diversidade das galaxias e c\u00famulos de gal\u00e1xias, hai unha viaxe evolutiva de 13.800 mill\u00f3ns anos. Nesta charla abriremos unha xanela ao ceo\u00a0para escrutar a natureza m\u00e1is \u00edntima da materia.<\/p>\n<p>[\/vc_hoverbox][\/vc_column_inner][vc_column_inner width=&#8221;1\/3&#8243;][vc_hoverbox image=&#8221;7005&#8243; primary_title=&#8221;&#8221; hover_title=&#8221;&#8221; shape=&#8221;square&#8221;]Catro interacci\u00f3ns fundamentais son capaces de gobernar dende os obxectos m\u00e1is grandes ata os m\u00e1is pequenos do universo. A interacci\u00f3n gravitatoria foi a primeira en chamar a atenci\u00f3n dos grandes pensadores da antig\u00fcidade, quen xa levantaban a cabeza e tentaban explicar os intrincados movementos dos astros. Nesta terceira charla do ciclo veremos que quedan moitas preguntas por responder.<\/p>\n<p>[\/vc_hoverbox][vc_hoverbox image=&#8221;7329&#8243; primary_title=&#8221;&#8221; hover_title=&#8221;&#8221; shape=&#8221;square&#8221; css=&#8221;.vc_custom_1603877037544{padding-top: 40px !important;}&#8221;]Nos \u00faltimos anos o CERN, o laboratorio de f\u00edsica de part\u00edculas m\u00e1is importante do mundo, tense convertido en protagonista de moitas novas, sobre todo, relacionadas co Gran Colisor de Hadr\u00f3ns (LHC), o maior acelerador de part\u00edculas da historia. Explicaremos a relevancia do laboratorio, para as\u00ed entender como a detecci\u00f3n de part\u00edculas min\u00fasculas require m\u00e1quinas tan grandes e poderosas.<\/p>\n<p>[\/vc_hoverbox][\/vc_column_inner][\/vc_row_inner][vc_row_inner css=&#8221;.vc_custom_1589808631399{padding-top: 20px !important;}&#8221;][vc_column_inner][vc_column_text css=&#8221;.vc_custom_1589808602459{border-left-width: 25px !important;padding-left: 10px !important;border-left-color: #055dbe !important;border-left-style: solid !important;}&#8221;]<\/p>\n<h4><span style=\"color: #055dbe;\"><strong>V\u00eddeos<\/strong><\/span><\/h4>\n<p>[\/vc_column_text][\/vc_column_inner][\/vc_row_inner][vc_row_inner][vc_column_inner width=&#8221;1\/3&#8243;][vc_video link=&#8221;https:\/\/youtu.be\/METuuGhadSA&#8221;][vc_video link=&#8221;https:\/\/www.youtube.com\/watch?v=-o5fTrAYFgI&amp;t=1s&#8221;][vc_video link=&#8221;https:\/\/youtu.be\/oH6cENGKw70&#8243;][\/vc_column_inner][vc_column_inner width=&#8221;1\/3&#8243;][vc_video link=&#8221;https:\/\/youtu.be\/4YfpjcWN1HE&#8221;][vc_video link=&#8221;https:\/\/youtu.be\/OPoHe4v9GOk&#8221;][vc_video link=&#8221;https:\/\/youtu.be\/5UbJB9Sik5w&#8221;][\/vc_column_inner][vc_column_inner width=&#8221;1\/3&#8243;][vc_video link=&#8221;https:\/\/youtu.be\/OktboODKZ-g&#8221;][vc_video link=&#8221;https:\/\/youtu.be\/VL8CY7-DOuU&#8221;][\/vc_column_inner][\/vc_row_inner][\/vc_column][\/vc_row]<\/p>\n","protected":false},"excerpt":{"rendered":"<p>[vc_row foundry_background_style=&#8221;bg-secondary&#8221; css=&#8221;.vc_custom_1589187503952{background-color: #ffffff !important;}&#8221;][vc_column css=&#8221;.vc_custom_1565621136979{margin-top: 40px !important;}&#8221;][vc_column_text] \u201cUniverso peregrino: ciencia galega cara o mundo\u201d \u00e9 un ciclo de charlas divulgativas&#8230;<\/p>\n","protected":false},"author":21,"featured_media":1977,"parent":0,"menu_order":0,"comment_status":"closed","ping_status":"closed","template":"","meta":{"om_disable_all_campaigns":false,"_monsterinsights_skip_tracking":false,"_monsterinsights_sitenote_active":false,"_monsterinsights_sitenote_note":"","_monsterinsights_sitenote_category":0},"aioseo_notices":[],"yoast_head":"<!-- This site is optimized with the Yoast SEO plugin v18.4.1 - https:\/\/yoast.com\/wordpress\/plugins\/seo\/ -->\n<title>Universo peregrino: ciencia galega cara o mundo - IGFAE<\/title>\n<meta name=\"robots\" content=\"index, follow, max-snippet:-1, max-image-preview:large, max-video-preview:-1\" \/>\n<link rel=\"canonical\" href=\"https:\/\/igfae.usc.es\/~igfae-old\/gl\/universo-peregrino\/\" \/>\n<meta property=\"og:locale\" content=\"gl_ES\" \/>\n<meta property=\"og:type\" content=\"article\" \/>\n<meta property=\"og:title\" content=\"Universo peregrino: ciencia galega cara o mundo - IGFAE\" \/>\n<meta property=\"og:description\" content=\"[vc_row foundry_background_style=&#8221;bg-secondary&#8221; css=&#8221;.vc_custom_1589187503952{background-color: #ffffff !important;}&#8221;][vc_column css=&#8221;.vc_custom_1565621136979{margin-top: 40px !important;}&#8221;][vc_column_text] \u201cUniverso peregrino: ciencia galega cara o mundo\u201d \u00e9 un ciclo de charlas divulgativas...\" \/>\n<meta property=\"og:url\" content=\"https:\/\/igfae.usc.es\/~igfae-old\/gl\/universo-peregrino\/\" \/>\n<meta property=\"og:site_name\" content=\"IGFAE\" \/>\n<meta property=\"article:modified_time\" content=\"2020-12-18T10:07:10+00:00\" \/>\n<meta property=\"og:image\" content=\"https:\/\/igfae.usc.es\/~igfae-old\/wp-content\/uploads\/2017\/11\/Transicion-azul-Indicadores.png\" \/>\n\t<meta property=\"og:image:width\" content=\"1920\" \/>\n\t<meta property=\"og:image:height\" content=\"847\" \/>\n\t<meta property=\"og:image:type\" content=\"image\/png\" \/>\n<meta name=\"twitter:card\" content=\"summary_large_image\" \/>\n<meta name=\"twitter:site\" content=\"@igfae_hep\" \/>\n<meta name=\"twitter:label1\" content=\"Tempo de lectura\" \/>\n\t<meta name=\"twitter:data1\" content=\"4 minutos\" \/>\n<script type=\"application\/ld+json\" class=\"yoast-schema-graph\">{\"@context\":\"https:\/\/schema.org\",\"@graph\":[{\"@type\":\"WebSite\",\"@id\":\"https:\/\/igfae.usc.es\/~igfae-old\/#website\",\"url\":\"https:\/\/igfae.usc.es\/~igfae-old\/\",\"name\":\"IGFAE\",\"description\":\"Instituto Galego de F\u00edsica de Altas Enerx\u00edas\",\"potentialAction\":[{\"@type\":\"SearchAction\",\"target\":{\"@type\":\"EntryPoint\",\"urlTemplate\":\"https:\/\/igfae.usc.es\/~igfae-old\/?s={search_term_string}\"},\"query-input\":\"required name=search_term_string\"}],\"inLanguage\":\"gl-ES\"},{\"@type\":\"ImageObject\",\"@id\":\"https:\/\/igfae.usc.es\/~igfae-old\/gl\/universo-peregrino\/#primaryimage\",\"inLanguage\":\"gl-ES\",\"url\":\"https:\/\/igfae.usc.es\/~igfae-old\/wp-content\/uploads\/2017\/11\/Transicion-azul-Indicadores.png\",\"contentUrl\":\"https:\/\/igfae.usc.es\/~igfae-old\/wp-content\/uploads\/2017\/11\/Transicion-azul-Indicadores.png\",\"width\":1920,\"height\":847},{\"@type\":\"WebPage\",\"@id\":\"https:\/\/igfae.usc.es\/~igfae-old\/gl\/universo-peregrino\/#webpage\",\"url\":\"https:\/\/igfae.usc.es\/~igfae-old\/gl\/universo-peregrino\/\",\"name\":\"Universo peregrino: ciencia galega cara o mundo - IGFAE\",\"isPartOf\":{\"@id\":\"https:\/\/igfae.usc.es\/~igfae-old\/#website\"},\"primaryImageOfPage\":{\"@id\":\"https:\/\/igfae.usc.es\/~igfae-old\/gl\/universo-peregrino\/#primaryimage\"},\"datePublished\":\"2020-05-11T09:08:02+00:00\",\"dateModified\":\"2020-12-18T10:07:10+00:00\",\"breadcrumb\":{\"@id\":\"https:\/\/igfae.usc.es\/~igfae-old\/gl\/universo-peregrino\/#breadcrumb\"},\"inLanguage\":\"gl-ES\",\"potentialAction\":[{\"@type\":\"ReadAction\",\"target\":[\"https:\/\/igfae.usc.es\/~igfae-old\/gl\/universo-peregrino\/\"]}]},{\"@type\":\"BreadcrumbList\",\"@id\":\"https:\/\/igfae.usc.es\/~igfae-old\/gl\/universo-peregrino\/#breadcrumb\",\"itemListElement\":[{\"@type\":\"ListItem\",\"position\":1,\"name\":\"Home\",\"item\":\"https:\/\/igfae.usc.es\/~igfae-old\/gl\/\"},{\"@type\":\"ListItem\",\"position\":2,\"name\":\"Universo peregrino: ciencia galega cara o mundo\"}]}]}<\/script>\n<!-- \/ Yoast SEO plugin. -->","yoast_head_json":{"title":"Universo peregrino: ciencia galega cara o mundo - IGFAE","robots":{"index":"index","follow":"follow","max-snippet":"max-snippet:-1","max-image-preview":"max-image-preview:large","max-video-preview":"max-video-preview:-1"},"canonical":"https:\/\/igfae.usc.es\/~igfae-old\/gl\/universo-peregrino\/","og_locale":"gl_ES","og_type":"article","og_title":"Universo peregrino: ciencia galega cara o mundo - IGFAE","og_description":"[vc_row foundry_background_style=&#8221;bg-secondary&#8221; css=&#8221;.vc_custom_1589187503952{background-color: #ffffff !important;}&#8221;][vc_column css=&#8221;.vc_custom_1565621136979{margin-top: 40px !important;}&#8221;][vc_column_text] \u201cUniverso peregrino: ciencia galega cara o mundo\u201d \u00e9 un ciclo de charlas divulgativas...","og_url":"https:\/\/igfae.usc.es\/~igfae-old\/gl\/universo-peregrino\/","og_site_name":"IGFAE","article_modified_time":"2020-12-18T10:07:10+00:00","og_image":[{"width":1920,"height":847,"url":"https:\/\/igfae.usc.es\/~igfae-old\/wp-content\/uploads\/2017\/11\/Transicion-azul-Indicadores.png","type":"image\/png"}],"twitter_card":"summary_large_image","twitter_site":"@igfae_hep","twitter_misc":{"Tempo de lectura":"4 minutos"},"schema":{"@context":"https:\/\/schema.org","@graph":[{"@type":"WebSite","@id":"https:\/\/igfae.usc.es\/~igfae-old\/#website","url":"https:\/\/igfae.usc.es\/~igfae-old\/","name":"IGFAE","description":"Instituto Galego de F\u00edsica de Altas Enerx\u00edas","potentialAction":[{"@type":"SearchAction","target":{"@type":"EntryPoint","urlTemplate":"https:\/\/igfae.usc.es\/~igfae-old\/?s={search_term_string}"},"query-input":"required name=search_term_string"}],"inLanguage":"gl-ES"},{"@type":"ImageObject","@id":"https:\/\/igfae.usc.es\/~igfae-old\/gl\/universo-peregrino\/#primaryimage","inLanguage":"gl-ES","url":"https:\/\/igfae.usc.es\/~igfae-old\/wp-content\/uploads\/2017\/11\/Transicion-azul-Indicadores.png","contentUrl":"https:\/\/igfae.usc.es\/~igfae-old\/wp-content\/uploads\/2017\/11\/Transicion-azul-Indicadores.png","width":1920,"height":847},{"@type":"WebPage","@id":"https:\/\/igfae.usc.es\/~igfae-old\/gl\/universo-peregrino\/#webpage","url":"https:\/\/igfae.usc.es\/~igfae-old\/gl\/universo-peregrino\/","name":"Universo peregrino: ciencia galega cara o mundo - IGFAE","isPartOf":{"@id":"https:\/\/igfae.usc.es\/~igfae-old\/#website"},"primaryImageOfPage":{"@id":"https:\/\/igfae.usc.es\/~igfae-old\/gl\/universo-peregrino\/#primaryimage"},"datePublished":"2020-05-11T09:08:02+00:00","dateModified":"2020-12-18T10:07:10+00:00","breadcrumb":{"@id":"https:\/\/igfae.usc.es\/~igfae-old\/gl\/universo-peregrino\/#breadcrumb"},"inLanguage":"gl-ES","potentialAction":[{"@type":"ReadAction","target":["https:\/\/igfae.usc.es\/~igfae-old\/gl\/universo-peregrino\/"]}]},{"@type":"BreadcrumbList","@id":"https:\/\/igfae.usc.es\/~igfae-old\/gl\/universo-peregrino\/#breadcrumb","itemListElement":[{"@type":"ListItem","position":1,"name":"Home","item":"https:\/\/igfae.usc.es\/~igfae-old\/gl\/"},{"@type":"ListItem","position":2,"name":"Universo peregrino: ciencia galega cara o mundo"}]}]}},"_links":{"self":[{"href":"https:\/\/igfae.usc.es\/~igfae-old\/gl\/wp-json\/wp\/v2\/pages\/6060"}],"collection":[{"href":"https:\/\/igfae.usc.es\/~igfae-old\/gl\/wp-json\/wp\/v2\/pages"}],"about":[{"href":"https:\/\/igfae.usc.es\/~igfae-old\/gl\/wp-json\/wp\/v2\/types\/page"}],"author":[{"embeddable":true,"href":"https:\/\/igfae.usc.es\/~igfae-old\/gl\/wp-json\/wp\/v2\/users\/21"}],"replies":[{"embeddable":true,"href":"https:\/\/igfae.usc.es\/~igfae-old\/gl\/wp-json\/wp\/v2\/comments?post=6060"}],"version-history":[{"count":17,"href":"https:\/\/igfae.usc.es\/~igfae-old\/gl\/wp-json\/wp\/v2\/pages\/6060\/revisions"}],"predecessor-version":[{"id":6257,"href":"https:\/\/igfae.usc.es\/~igfae-old\/gl\/wp-json\/wp\/v2\/pages\/6060\/revisions\/6257"}],"wp:featuredmedia":[{"embeddable":true,"href":"https:\/\/igfae.usc.es\/~igfae-old\/gl\/wp-json\/wp\/v2\/media\/1977"}],"wp:attachment":[{"href":"https:\/\/igfae.usc.es\/~igfae-old\/gl\/wp-json\/wp\/v2\/media?parent=6060"}],"curies":[{"name":"wp","href":"https:\/\/api.w.org\/{rel}","templated":true}]}}