



{"id":2348,"date":"2018-11-30T09:22:56","date_gmt":"2018-11-30T09:22:56","guid":{"rendered":"https:\/\/igfae.usc.es\/centrosingular\/training-education\/"},"modified":"2024-07-11T18:52:13","modified_gmt":"2024-07-11T16:52:13","slug":"programa-capacitacion-academica","status":"publish","type":"page","link":"https:\/\/igfae.usc.es\/~igfae-old\/gl\/programa-capacitacion-academica\/","title":{"rendered":"Programa de Capacitaci\u00f3n acad\u00e9mica"},"content":{"rendered":"<p>[vc_row full_width=&#8221;stretch_row&#8221; foundry_padding=&#8221;pt0 pb0&#8243; foundry_parallax=&#8221;not-parallax&#8221; css=&#8221;.vc_custom_1529688996618{background-image: url(https:\/\/igfae.usc.es\/~igfae-old\/wp-content\/uploads\/2017\/11\/fondo.jpg?id=122) !important;}&#8221;][vc_column][vc_row_inner][vc_column_inner width=&#8221;5\/12&#8243; css=&#8221;.vc_custom_1511969894880{margin-bottom: 0px !important;padding-bottom: 0px !important;}&#8221;][vc_single_image image=&#8221;1315&#8243; img_size=&#8221;1400&#215;630&#8243;][\/vc_column_inner][vc_column_inner width=&#8221;5\/12&#8243; offset=&#8221;vc_col-lg-offset-1&#8243; css=&#8221;.vc_custom_1536316171685{margin-bottom: 0px !important;padding-top: 60px !important;padding-bottom: 0px !important;}&#8221;][vc_column_text css=&#8221;.vc_custom_1627645461692{margin-top: 0px !important;padding-top: 0px !important;}&#8221;]<\/p>\n<h3><span style=\"color: #055dbe;\"><strong>Programa de Capacitaci\u00f3n Acad\u00e9mica<\/strong><\/span><\/h3>\n<p class=\"lead\">Avalado polo IGFAE este programa est\u00e1 inclu\u00eddo no Plan de Acci\u00f3n da Unidade de Excelencia Mar\u00eda de Maeztu. O obxectivo \u00e9 manter un curso \u2013 ao redor de 1 semana, 15 h. de conferencias \u2013 cada semestre. A atenci\u00f3n c\u00e9ntrase nos estudantes de doutoramento e vinculado ao seu programa de doutoramento como complemento acad\u00e9mico, a\u00ednda que os cursos est\u00e1n abertos a un p\u00fablico m\u00e1is amplo.<\/p>\n<p>[\/vc_column_text][\/vc_column_inner][\/vc_row_inner][\/vc_column][\/vc_row][vc_row foundry_background_style=&#8221;bg-secondary&#8221; foundry_padding=&#8221;pt64 pb64&#8243; css=&#8221;.vc_custom_1529946170895{background-image: url(https:\/\/igfae.usc.es\/~igfae-old\/wp-content\/uploads\/2017\/11\/Transicion-azul-Indicadores.png?id=120) !important;background-position: center !important;background-repeat: no-repeat !important;background-size: cover !important;}&#8221;][vc_column][vc_column_text]<\/p>\n<h3><strong>Programas pasados:<\/strong><\/h3>\n<p class=\"lead\"><strong>\u2013\u00a0<a href=\"https:\/\/igfae.usc.es\/~igfae-old\/semana-da-ciencia-12-16-november-2018-2\/\">Curso de Comunicaci\u00f3n Cient\u00edfica, 16 \u2013 16 novembro 2018<\/a><\/strong><br \/>\n\u2013\u00a0<a href=\"https:\/\/indico.cern.ch\/event\/779256\/\">Galician Gravitational Wave Week (G2W2), 14 \u2013 18 xaneiro 2019<\/a><br \/>\n\u2013 <a href=\"https:\/\/indico.cern.ch\/event\/828305\/\">Course on Classical and Quantum Integrable Systems, 16 \u2013 20 setembro 2019<\/a><br \/>\n\u2013 <a href=\"https:\/\/indico.cern.ch\/event\/865287\/\">Course: Introduction to Quantum Computing, 20 \u2013 23 xaneiro 2020<\/a><br \/>\n\u2013\u00a0<a href=\"https:\/\/indico.cern.ch\/event\/882244\/\">Advanced Computing and Machine Learning.\u00a0<\/a><a href=\"https:\/\/indico.cern.ch\/event\/882244\/\"> 25 maio \u2013 3 xu\u00f1o 2020<\/a><br \/>\n\u2013 <a href=\"https:\/\/indico.cern.ch\/event\/1009538\/\">Course on Black Holes and Quantum Information, 29 xu\u00f1o \u2013 13 xullo 2021<\/a><br \/>\n\u2013 <a href=\"https:\/\/indico.cern.ch\/event\/1001393\/\"><span class=\"conference-title-link\">Integrability, Dualities and Deformations<\/span>, 23 &#8211; 27 agosto 2021<\/a><br \/>\n\u2013\u00a0<a href=\"https:\/\/indico.cern.ch\/event\/1081679\/\">Course on Neutron Star Physics, 15 &#8211; 19 novembro 2021<\/a><br \/>\n\u2013 <a href=\"https:\/\/igfae.usc.es\/datascience2024\/school\/\" target=\"_blank\" rel=\"noopener\">Data Science in Fundamental Physics, 3-5 xu\u00f1o 2024<\/a><br \/>\n<a href=\"https:\/\/igfae.usc.es\/~igfae-old\/talk\/1110\" target=\"_blank\" rel=\"noopener\">\u2013 Mini-course on some aspects of the SYK Model, 9-17 xullo 2024<\/a><\/p>\n<p>[\/vc_column_text][\/vc_column][\/vc_row]<\/p>\n","protected":false},"excerpt":{"rendered":"<p>[vc_row full_width=&#8221;stretch_row&#8221; foundry_padding=&#8221;pt0 pb0&#8243; foundry_parallax=&#8221;not-parallax&#8221; css=&#8221;.vc_custom_1529688996618{background-image: url(https:\/\/igfae.usc.es\/~igfae-old\/wp-content\/uploads\/2017\/11\/fondo.jpg?id=122) !important;}&#8221;][vc_column][vc_row_inner][vc_column_inner width=&#8221;5\/12&#8243; css=&#8221;.vc_custom_1511969894880{margin-bottom: 0px !important;padding-bottom: 0px !important;}&#8221;][vc_single_image image=&#8221;1315&#8243; img_size=&#8221;1400&#215;630&#8243;][\/vc_column_inner][vc_column_inner width=&#8221;5\/12&#8243; offset=&#8221;vc_col-lg-offset-1&#8243; css=&#8221;.vc_custom_1536316171685{margin-bottom: 0px !important;padding-top:&#8230;<\/p>\n","protected":false},"author":10,"featured_media":1977,"parent":0,"menu_order":0,"comment_status":"closed","ping_status":"closed","template":"","meta":{"om_disable_all_campaigns":false,"_monsterinsights_skip_tracking":false,"_monsterinsights_sitenote_active":false,"_monsterinsights_sitenote_note":"","_monsterinsights_sitenote_category":0},"aioseo_notices":[],"yoast_head":"<!-- This site is optimized with the Yoast SEO plugin v18.4.1 - https:\/\/yoast.com\/wordpress\/plugins\/seo\/ -->\n<title>Programa de Capacitaci\u00f3n acad\u00e9mica - IGFAE<\/title>\n<meta name=\"robots\" content=\"index, follow, max-snippet:-1, max-image-preview:large, max-video-preview:-1\" \/>\n<link rel=\"canonical\" href=\"https:\/\/igfae.usc.es\/~igfae-old\/gl\/programa-capacitacion-academica\/\" \/>\n<meta property=\"og:locale\" content=\"gl_ES\" \/>\n<meta property=\"og:type\" content=\"article\" \/>\n<meta property=\"og:title\" content=\"Programa de Capacitaci\u00f3n acad\u00e9mica - IGFAE\" \/>\n<meta property=\"og:description\" content=\"[vc_row full_width=&#8221;stretch_row&#8221; foundry_padding=&#8221;pt0 pb0&#8243; foundry_parallax=&#8221;not-parallax&#8221; css=&#8221;.vc_custom_1529688996618{background-image: url(https:\/\/igfae.usc.es\/~igfae-old\/wp-content\/uploads\/2017\/11\/fondo.jpg?id=122) !important;}&#8221;][vc_column][vc_row_inner][vc_column_inner width=&#8221;5\/12&#8243; css=&#8221;.vc_custom_1511969894880{margin-bottom: 0px !important;padding-bottom: 0px !important;}&#8221;][vc_single_image image=&#8221;1315&#8243; img_size=&#8221;1400&#215;630&#8243;][\/vc_column_inner][vc_column_inner width=&#8221;5\/12&#8243; offset=&#8221;vc_col-lg-offset-1&#8243; css=&#8221;.vc_custom_1536316171685{margin-bottom: 0px !important;padding-top:...\" \/>\n<meta property=\"og:url\" content=\"https:\/\/igfae.usc.es\/~igfae-old\/gl\/programa-capacitacion-academica\/\" \/>\n<meta property=\"og:site_name\" content=\"IGFAE\" \/>\n<meta property=\"article:modified_time\" content=\"2024-07-11T16:52:13+00:00\" \/>\n<meta property=\"og:image\" content=\"https:\/\/igfae.usc.es\/~igfae-old\/wp-content\/uploads\/2017\/11\/Transicion-azul-Indicadores.png\" \/>\n\t<meta property=\"og:image:width\" content=\"1920\" \/>\n\t<meta property=\"og:image:height\" content=\"847\" \/>\n\t<meta property=\"og:image:type\" content=\"image\/png\" \/>\n<meta name=\"twitter:card\" content=\"summary_large_image\" \/>\n<meta name=\"twitter:site\" content=\"@igfae_hep\" \/>\n<meta name=\"twitter:label1\" content=\"Tempo de lectura\" \/>\n\t<meta name=\"twitter:data1\" content=\"1 minuto\" \/>\n<script type=\"application\/ld+json\" class=\"yoast-schema-graph\">{\"@context\":\"https:\/\/schema.org\",\"@graph\":[{\"@type\":\"WebSite\",\"@id\":\"https:\/\/igfae.usc.es\/~igfae-old\/#website\",\"url\":\"https:\/\/igfae.usc.es\/~igfae-old\/\",\"name\":\"IGFAE\",\"description\":\"Instituto Galego de F\u00edsica de Altas Enerx\u00edas\",\"potentialAction\":[{\"@type\":\"SearchAction\",\"target\":{\"@type\":\"EntryPoint\",\"urlTemplate\":\"https:\/\/igfae.usc.es\/~igfae-old\/?s={search_term_string}\"},\"query-input\":\"required name=search_term_string\"}],\"inLanguage\":\"gl-ES\"},{\"@type\":\"ImageObject\",\"@id\":\"https:\/\/igfae.usc.es\/~igfae-old\/gl\/programa-capacitacion-academica\/#primaryimage\",\"inLanguage\":\"gl-ES\",\"url\":\"https:\/\/igfae.usc.es\/~igfae-old\/wp-content\/uploads\/2017\/11\/Transicion-azul-Indicadores.png\",\"contentUrl\":\"https:\/\/igfae.usc.es\/~igfae-old\/wp-content\/uploads\/2017\/11\/Transicion-azul-Indicadores.png\",\"width\":1920,\"height\":847},{\"@type\":\"WebPage\",\"@id\":\"https:\/\/igfae.usc.es\/~igfae-old\/gl\/programa-capacitacion-academica\/#webpage\",\"url\":\"https:\/\/igfae.usc.es\/~igfae-old\/gl\/programa-capacitacion-academica\/\",\"name\":\"Programa de Capacitaci\u00f3n acad\u00e9mica - IGFAE\",\"isPartOf\":{\"@id\":\"https:\/\/igfae.usc.es\/~igfae-old\/#website\"},\"primaryImageOfPage\":{\"@id\":\"https:\/\/igfae.usc.es\/~igfae-old\/gl\/programa-capacitacion-academica\/#primaryimage\"},\"datePublished\":\"2018-11-30T09:22:56+00:00\",\"dateModified\":\"2024-07-11T16:52:13+00:00\",\"breadcrumb\":{\"@id\":\"https:\/\/igfae.usc.es\/~igfae-old\/gl\/programa-capacitacion-academica\/#breadcrumb\"},\"inLanguage\":\"gl-ES\",\"potentialAction\":[{\"@type\":\"ReadAction\",\"target\":[\"https:\/\/igfae.usc.es\/~igfae-old\/gl\/programa-capacitacion-academica\/\"]}]},{\"@type\":\"BreadcrumbList\",\"@id\":\"https:\/\/igfae.usc.es\/~igfae-old\/gl\/programa-capacitacion-academica\/#breadcrumb\",\"itemListElement\":[{\"@type\":\"ListItem\",\"position\":1,\"name\":\"Home\",\"item\":\"https:\/\/igfae.usc.es\/~igfae-old\/gl\/\"},{\"@type\":\"ListItem\",\"position\":2,\"name\":\"Programa de Capacitaci\u00f3n acad\u00e9mica\"}]}]}<\/script>\n<!-- \/ Yoast SEO plugin. -->","yoast_head_json":{"title":"Programa de Capacitaci\u00f3n acad\u00e9mica - IGFAE","robots":{"index":"index","follow":"follow","max-snippet":"max-snippet:-1","max-image-preview":"max-image-preview:large","max-video-preview":"max-video-preview:-1"},"canonical":"https:\/\/igfae.usc.es\/~igfae-old\/gl\/programa-capacitacion-academica\/","og_locale":"gl_ES","og_type":"article","og_title":"Programa de Capacitaci\u00f3n acad\u00e9mica - IGFAE","og_description":"[vc_row full_width=&#8221;stretch_row&#8221; foundry_padding=&#8221;pt0 pb0&#8243; foundry_parallax=&#8221;not-parallax&#8221; css=&#8221;.vc_custom_1529688996618{background-image: url(https:\/\/igfae.usc.es\/~igfae-old\/wp-content\/uploads\/2017\/11\/fondo.jpg?id=122) !important;}&#8221;][vc_column][vc_row_inner][vc_column_inner width=&#8221;5\/12&#8243; css=&#8221;.vc_custom_1511969894880{margin-bottom: 0px !important;padding-bottom: 0px !important;}&#8221;][vc_single_image image=&#8221;1315&#8243; img_size=&#8221;1400&#215;630&#8243;][\/vc_column_inner][vc_column_inner width=&#8221;5\/12&#8243; offset=&#8221;vc_col-lg-offset-1&#8243; css=&#8221;.vc_custom_1536316171685{margin-bottom: 0px !important;padding-top:...","og_url":"https:\/\/igfae.usc.es\/~igfae-old\/gl\/programa-capacitacion-academica\/","og_site_name":"IGFAE","article_modified_time":"2024-07-11T16:52:13+00:00","og_image":[{"width":1920,"height":847,"url":"https:\/\/igfae.usc.es\/~igfae-old\/wp-content\/uploads\/2017\/11\/Transicion-azul-Indicadores.png","type":"image\/png"}],"twitter_card":"summary_large_image","twitter_site":"@igfae_hep","twitter_misc":{"Tempo de lectura":"1 minuto"},"schema":{"@context":"https:\/\/schema.org","@graph":[{"@type":"WebSite","@id":"https:\/\/igfae.usc.es\/~igfae-old\/#website","url":"https:\/\/igfae.usc.es\/~igfae-old\/","name":"IGFAE","description":"Instituto Galego de F\u00edsica de Altas Enerx\u00edas","potentialAction":[{"@type":"SearchAction","target":{"@type":"EntryPoint","urlTemplate":"https:\/\/igfae.usc.es\/~igfae-old\/?s={search_term_string}"},"query-input":"required name=search_term_string"}],"inLanguage":"gl-ES"},{"@type":"ImageObject","@id":"https:\/\/igfae.usc.es\/~igfae-old\/gl\/programa-capacitacion-academica\/#primaryimage","inLanguage":"gl-ES","url":"https:\/\/igfae.usc.es\/~igfae-old\/wp-content\/uploads\/2017\/11\/Transicion-azul-Indicadores.png","contentUrl":"https:\/\/igfae.usc.es\/~igfae-old\/wp-content\/uploads\/2017\/11\/Transicion-azul-Indicadores.png","width":1920,"height":847},{"@type":"WebPage","@id":"https:\/\/igfae.usc.es\/~igfae-old\/gl\/programa-capacitacion-academica\/#webpage","url":"https:\/\/igfae.usc.es\/~igfae-old\/gl\/programa-capacitacion-academica\/","name":"Programa de Capacitaci\u00f3n acad\u00e9mica - IGFAE","isPartOf":{"@id":"https:\/\/igfae.usc.es\/~igfae-old\/#website"},"primaryImageOfPage":{"@id":"https:\/\/igfae.usc.es\/~igfae-old\/gl\/programa-capacitacion-academica\/#primaryimage"},"datePublished":"2018-11-30T09:22:56+00:00","dateModified":"2024-07-11T16:52:13+00:00","breadcrumb":{"@id":"https:\/\/igfae.usc.es\/~igfae-old\/gl\/programa-capacitacion-academica\/#breadcrumb"},"inLanguage":"gl-ES","potentialAction":[{"@type":"ReadAction","target":["https:\/\/igfae.usc.es\/~igfae-old\/gl\/programa-capacitacion-academica\/"]}]},{"@type":"BreadcrumbList","@id":"https:\/\/igfae.usc.es\/~igfae-old\/gl\/programa-capacitacion-academica\/#breadcrumb","itemListElement":[{"@type":"ListItem","position":1,"name":"Home","item":"https:\/\/igfae.usc.es\/~igfae-old\/gl\/"},{"@type":"ListItem","position":2,"name":"Programa de Capacitaci\u00f3n acad\u00e9mica"}]}]}},"_links":{"self":[{"href":"https:\/\/igfae.usc.es\/~igfae-old\/gl\/wp-json\/wp\/v2\/pages\/2348"}],"collection":[{"href":"https:\/\/igfae.usc.es\/~igfae-old\/gl\/wp-json\/wp\/v2\/pages"}],"about":[{"href":"https:\/\/igfae.usc.es\/~igfae-old\/gl\/wp-json\/wp\/v2\/types\/page"}],"author":[{"embeddable":true,"href":"https:\/\/igfae.usc.es\/~igfae-old\/gl\/wp-json\/wp\/v2\/users\/10"}],"replies":[{"embeddable":true,"href":"https:\/\/igfae.usc.es\/~igfae-old\/gl\/wp-json\/wp\/v2\/comments?post=2348"}],"version-history":[{"count":27,"href":"https:\/\/igfae.usc.es\/~igfae-old\/gl\/wp-json\/wp\/v2\/pages\/2348\/revisions"}],"predecessor-version":[{"id":15993,"href":"https:\/\/igfae.usc.es\/~igfae-old\/gl\/wp-json\/wp\/v2\/pages\/2348\/revisions\/15993"}],"wp:featuredmedia":[{"embeddable":true,"href":"https:\/\/igfae.usc.es\/~igfae-old\/gl\/wp-json\/wp\/v2\/media\/1977"}],"wp:attachment":[{"href":"https:\/\/igfae.usc.es\/~igfae-old\/gl\/wp-json\/wp\/v2\/media?parent=2348"}],"curies":[{"name":"wp","href":"https:\/\/api.w.org\/{rel}","templated":true}]}}