



{"id":6668,"date":"2020-07-14T13:56:06","date_gmt":"2020-07-14T11:56:06","guid":{"rendered":"https:\/\/igfae.usc.es\/~igfae-old\/?page_id=5535"},"modified":"2025-01-21T15:52:05","modified_gmt":"2025-01-21T13:52:05","slug":"identidad-visual","status":"publish","type":"page","link":"https:\/\/igfae.usc.es\/~igfae-old\/es\/identidad-visual\/","title":{"rendered":"Identidad Visual"},"content":{"rendered":"<p>[vc_row foundry_background_style=\u00bbbg-secondary\u00bb][vc_column css=\u00bb.vc_custom_1565621136979{margin-top: 40px !important;}\u00bb][vc_column_text]2024 y 2025 est\u00e1n siendo a\u00f1os de transformaciones para el IGFAE. La apertura de la nueva sede, junto con la concesi\u00f3n de la acreditaci\u00f3n de Unidad de Excelencia Mar\u00eda de Maeztu y la red de centros de investigaci\u00f3n de la Xunta de Galicia, marca el inicio de un nuevo per\u00edodo que consolidar\u00e1 al IGFAE en la vanguardia de la ciencia en sus campos de investigaci\u00f3n.<\/p>\n<p>El IGFAE est\u00e1 compuesto por un equipo humano que supera ampliamente el centenar de personas. Con su trabajo diario, han demostrado y siguen demostrando su capacidad para conseguir los hitos que hoy posicionan al centro como un referente.<\/p>\n<p>En el marco de esta nueva etapa, la Unidad de Direcci\u00f3n y Gesti\u00f3n del IGFAE lleva desde 2023 trabajando mano a mano con el estudio de dise\u00f1o Novagarda para renovar la identidad visual del centro. La renovaci\u00f3n se completar\u00e1 con una nueva p\u00e1gina web, que se lanzar\u00e1 en el primer semestre de 2025.<\/p>\n<p>Para familiarizar al personal del Instituto con esta nueva identidad, mostramos aqu\u00ed los requisitos que <strong>deber\u00e1n seguirse a partir de ahora en todas las comunicaciones y actividades.<\/strong><\/p>\n<p><span style=\"color: #ff0000;\"><strong>NOTA<\/strong><\/span>: <strong>El incumplimiento de estas instrucciones puede causar serios inconvenientes en la entrega de informes y memorias justificativas, con la consecuente sobrecarga de trabajo para el personal de la Unidad de Gesti\u00f3n y el riesgo de penalizaci\u00f3n en los fondos que recibe el IGFAE y su personal investigador por parte de las entidades financiadoras.<\/strong><\/p>\n<h5><strong>En caso de cualquier duda o consulta sobre estas instrucciones, contactar con la Unidad de Gesti\u00f3n y Comunicaci\u00f3n (communication@igfae.usc.es)<\/strong><\/h5>\n<hr \/>\n<h3 style=\"text-align: center;\"><a href=\"https:\/\/nubeusc.sharepoint.com\/sites\/IGFAEResearchCentre\/Shared%20Documents\/Forms\/AllItems.aspx?id=%2Fsites%2FIGFAEResearchCentre%2FShared%20Documents%2FVisual%20Identity%2007%5F2024%20materials&amp;p=true&amp;ga=1\" target=\"_blank\" rel=\"noopener\"><span style=\"color: #0000ff;\"><strong>Descar<\/strong><\/span><span style=\"color: #0000ff;\"><strong>g<\/strong><\/span><span style=\"color: #0000ff;\"><strong>a todos los materiales en este enlace<\/strong><\/span><\/a><\/h3>\n<hr \/>\n<p>[\/vc_column_text][vc_column_text css=\u00bb.vc_custom_1692610573981{border-left-width: 25px !important;padding-left: 10px !important;border-left-color: #055dbe !important;border-left-style: solid !important;}\u00bb]<\/p>\n<h4><span style=\"color: #055dbe;\"><strong>Principales elementos de comunicaci\u00f3n<\/strong><\/span><\/h4>\n<p>[\/vc_column_text][vc_column_text]<\/p>\n<h4><strong>Logo del IGFAE<\/strong><\/h4>\n<p>La Junta de Gobierno del IGFAE aprob\u00f3 a comienzos de 2024 el nuevo logo del Instituto, uno de los principales elementos de la identidad visual.<\/p>\n<p><img loading=\"lazy\" class=\"wp-image-17316 size-medium aligncenter\" src=\"https:\/\/igfae.usc.es\/~igfae-old\/wp-content\/uploads\/2025\/01\/IGFAE_VERSIONES-02_azul-escuro-6-300x96.png\" alt=\"\" width=\"300\" height=\"96\" srcset=\"https:\/\/igfae.usc.es\/~igfae-old\/wp-content\/uploads\/2025\/01\/IGFAE_VERSIONES-02_azul-escuro-6-300x96.png 300w, https:\/\/igfae.usc.es\/~igfae-old\/wp-content\/uploads\/2025\/01\/IGFAE_VERSIONES-02_azul-escuro-6-1024x327.png 1024w, https:\/\/igfae.usc.es\/~igfae-old\/wp-content\/uploads\/2025\/01\/IGFAE_VERSIONES-02_azul-escuro-6-768x245.png 768w, https:\/\/igfae.usc.es\/~igfae-old\/wp-content\/uploads\/2025\/01\/IGFAE_VERSIONES-02_azul-escuro-6-1536x490.png 1536w, https:\/\/igfae.usc.es\/~igfae-old\/wp-content\/uploads\/2025\/01\/IGFAE_VERSIONES-02_azul-escuro-6.png 1771w\" sizes=\"(max-width: 300px) 100vw, 300px\" \/><\/p>\n<h4><\/h4>\n<h4><\/h4>\n<h4><strong>Tipograf\u00eda principal: Roobert Pro<\/strong><\/h4>\n<p><img loading=\"lazy\" class=\"size-full wp-image-15850 alignleft\" src=\"https:\/\/igfae.usc.es\/~igfae-old\/wp-content\/uploads\/2024\/07\/roobert-pro.png\" alt=\"\" width=\"165\" height=\"165\" srcset=\"https:\/\/igfae.usc.es\/~igfae-old\/wp-content\/uploads\/2024\/07\/roobert-pro.png 165w, https:\/\/igfae.usc.es\/~igfae-old\/wp-content\/uploads\/2024\/07\/roobert-pro-150x150.png 150w, https:\/\/igfae.usc.es\/~igfae-old\/wp-content\/uploads\/2024\/07\/roobert-pro-60x60.png 60w\" sizes=\"(max-width: 165px) 100vw, 165px\" \/>En todos los documentos oficiales, presentaciones, informes y comunicaciones p\u00fablicas, deber\u00e1 utilizarse la familia tipogr\u00e1fica <strong>Roobert Pro<\/strong>, con sus diferentes variables, que pueden verse a la izquierda de este texto.<\/p>\n<h4><\/h4>\n<h4><\/h4>\n<p>&nbsp;<\/p>\n<p>&nbsp;<\/p>\n<p>&nbsp;<\/p>\n<h4><strong>Logo de la Universidade de Santiago de Compostela<\/strong><\/h4>\n<p><img loading=\"lazy\" class=\"size-full wp-image-15853 alignleft\" src=\"https:\/\/igfae.usc.es\/~igfae-old\/wp-content\/uploads\/2024\/07\/usc.png\" alt=\"\" width=\"128\" height=\"82\" \/>Como centro mixto de la Universidade de Santiago de Compostela y la Xunta de Galicia, el IGFAE debe visibilizar en todas sus comunicaciones la presencia de la USC. En esta nueva identidad, el logo de la Universidad aparecer\u00e1 junto al del resto de entidades financiadoras, en el mismo tama\u00f1o y jerarqu\u00eda.<\/p>\n<p>&nbsp;<\/p>\n<h4><strong>Instrucciones de comunicaci\u00f3n de la acreditaci\u00f3n de Excelencia Mar\u00eda de Maeztu<\/strong><\/h4>\n<p>La nueva acreditaci\u00f3n del IGFAE como Unidad de Excelencia Mar\u00eda de Maeztu obliga tambi\u00e9n al estricto cumplimiento de las instrucciones de comunicaci\u00f3n y publicidad.<\/p>\n<p>En todos los casos, deber\u00e1 incluirse:<\/p>\n<p>1- Logotipo correspondiente del Ministerio de Ciencia, Innovaci\u00f3n y Universidades, y la Agencia Estatal de Investigaci\u00f3n<\/p>\n<p>2- Sello de la acreditaci\u00f3n de excelencia Mar\u00eda de Maeztu (incluido los a\u00f1os de vigencia de esta, 2024-2030)<\/p>\n<p>3- Leyenda con la referencia de la ayuda<\/p>\n<p><strong>\u00abAyuda Mar\u00eda de Maeztu CEX2023-001318-M financiada por<\/strong><strong>\u00a0<\/strong><strong>MICIU\/AEI \/10.13039\/501100011033&#8243;<\/strong><\/p>\n<h4><img loading=\"lazy\" class=\"alignright wp-image-16238 size-large\" src=\"https:\/\/igfae.usc.es\/~igfae-old\/wp-content\/uploads\/2024\/09\/MICIU-MdM-2024-2030_positivo-1024x153.png\" alt=\"\" width=\"1024\" height=\"153\" srcset=\"https:\/\/igfae.usc.es\/~igfae-old\/wp-content\/uploads\/2024\/09\/MICIU-MdM-2024-2030_positivo-1024x153.png 1024w, https:\/\/igfae.usc.es\/~igfae-old\/wp-content\/uploads\/2024\/09\/MICIU-MdM-2024-2030_positivo-300x45.png 300w, https:\/\/igfae.usc.es\/~igfae-old\/wp-content\/uploads\/2024\/09\/MICIU-MdM-2024-2030_positivo-768x115.png 768w, https:\/\/igfae.usc.es\/~igfae-old\/wp-content\/uploads\/2024\/09\/MICIU-MdM-2024-2030_positivo-1536x230.png 1536w, https:\/\/igfae.usc.es\/~igfae-old\/wp-content\/uploads\/2024\/09\/MICIU-MdM-2024-2030_positivo-2048x307.png 2048w\" sizes=\"(max-width: 1024px) 100vw, 1024px\" \/><\/h4>\n<p>&nbsp;<\/p>\n<p>&nbsp;<\/p>\n<p>&nbsp;<\/p>\n<p>&nbsp;<\/p>\n<h4><strong>Instrucciones de la acreditaci\u00f3n de centros de excelencia de Galicia (CIGUS)<\/strong><\/h4>\n<p>El IGFAE es uno de los 10 centros que posee la acreditaci\u00f3n de excelencia dentro de la red CIGUS. De acuerdo con los requisitos de publicidad, el personal del IGFAE deber\u00e1 incluir <strong>en todas las acciones de informaci\u00f3n y comunicaci\u00f3n<\/strong>, en este orden, los logos de la Xunta de Galicia, la red CIGUS y la menci\u00f3n a la UE y los Fondos Europeos:<\/p>\n<p><img loading=\"lazy\" class=\"alignnone size-full wp-image-16705\" src=\"https:\/\/igfae.usc.es\/~igfae-old\/wp-content\/uploads\/2024\/11\/Rede-cigus-novo-3.png\" alt=\"\" width=\"1053\" height=\"84\" srcset=\"https:\/\/igfae.usc.es\/~igfae-old\/wp-content\/uploads\/2024\/11\/Rede-cigus-novo-3.png 1053w, https:\/\/igfae.usc.es\/~igfae-old\/wp-content\/uploads\/2024\/11\/Rede-cigus-novo-3-300x24.png 300w, https:\/\/igfae.usc.es\/~igfae-old\/wp-content\/uploads\/2024\/11\/Rede-cigus-novo-3-1024x82.png 1024w, https:\/\/igfae.usc.es\/~igfae-old\/wp-content\/uploads\/2024\/11\/Rede-cigus-novo-3-768x61.png 768w\" sizes=\"(max-width: 1053px) 100vw, 1053px\" \/><\/p>\n<hr \/>\n<h4><strong>Otros programas de financiaci\u00f3n<\/strong><\/h4>\n<p>Los anteriores requisitos no excluyen la necesidad de que, en el caso de acciones financiadas por otras instancias (colaboraciones con otros centros de investigaci\u00f3n, European Research Council, programa Oportunius, etc.), <strong>se deba cumplir tambi\u00e9n con las instrucciones pertinentes. <\/strong><\/p>\n<p>Se recomienda, cuando sea posible, remitir los materiales a esta Unidad para verificar su adecuaci\u00f3n a las instrucciones de comunicaci\u00f3n y publicidad.<\/p>\n<hr \/>\n<h4><strong>\u00bfEn qu\u00e9 materiales de comunicaci\u00f3n debo incluir estos logos?<\/strong><\/h4>\n<p>La respuesta r\u00e1pida es: <strong>en todos.<\/strong><\/p>\n<p>Aqu\u00ed van, en todo caso, algunos ejemplos de los materiales donde es imprescindible y obligatorio cumplir con estas instrucciones<\/p>\n<p>&#8211; Presentaciones en conferencias (charlas y p\u00f3steres), talleres, seminarios, cursos, etc.<\/p>\n<p>&#8211; Certificados o informes de asistencia<\/p>\n<p>&#8211; Material de comunicaci\u00f3n o merchandising (rollups, libretas, bolsas, carpetas, etc.)<\/p>\n<p>&#8211; P\u00e1ginas web: los logos deben mostrarse en el \u2018footer\u2019 o en la secci\u00f3n correspondiente de patrocinadores \/ financiadores.<\/p>\n<hr \/>\n<h4><strong>Publicaciones cient\u00edficas<\/strong><\/h4>\n<p>Deber\u00e1 incluirse un p\u00e1rrafo en el que se mencione la financiaci\u00f3n en las resoluciones y publicaciones cient\u00edficas que sean co-financiadas. Ejemplos:<\/p>\n<p><em>\u00abMar\u00eda de Maeztu grant CEX2023- 001318-M funded by MICIU\/AEI \/10.13039\/501100011033. \u00bb<\/em><\/p>\n<p><em>\u00abThis work has received financial support from the Xunta de Galicia (CIGUS Network of Research Centres) and the European Union. \u00bb<\/em><\/p>\n<hr \/>\n<h4><strong>Firma de correo electr\u00f3nico<\/strong><\/h4>\n<p>Con el objetivo de reforzar la identidad del IGFAE, unificando la estructura de la firma personal, se aconseja el uso de este modelo en los correos electr\u00f3nicos. Se recomienda, igualmente, usar el nombre completo del Instituto en gallego, de forma coherente con el acr\u00f3nimo IGFAE:<\/p>\n<p>Nombre Apellido (pronombres)<br \/>\nPuesto<br \/>\nInstituto Galego de F\u00edsica de Altas Enerx\u00edas (IGFAE)<br \/>\nEmail:<br \/>\nTel: +34<br \/>\nWeb: https:\/\/igfae.usc.es\/<br \/>\nP\u00e1gina personal o redes sociales<\/p>\n<p><strong>Ejemplo:<\/strong><\/p>\n<p>Manuel Rey (\u00e9l)<br \/>\nIGFAE Communication Officer<br \/>\nInstituto Galego de F\u00edsica de Altas Enerx\u00edas (IGFAE)<br \/>\nEmail: communication@igfae.usc.es<br \/>\nTel: +34 881 814 033 \/ ext 14033<br \/>\nWeb: https:\/\/igfae.usc.es\/<br \/>\n<a title=\"https:\/\/www.instagram.com\/igfae_hep\/\" href=\"https:\/\/www.instagram.com\/igfae_hep\/\">Instagram<\/a><a title=\"https:\/\/www.instagram.com\/igfae_hep\/\" href=\"https:\/\/www.instagram.com\/igfae_hep\/\">\u00a0<\/a><span style=\"color: inherit; background-color: #ffffff;\">|\u00a0<a title=\"https:\/\/bsky.app\/profile\/igfae.bsky.social\" href=\"https:\/\/bsky.app\/profile\/igfae.bsky.social\">Bluesky<\/a><\/span><a title=\"https:\/\/bsky.app\/profile\/igfae.bsky.social\" href=\"https:\/\/bsky.app\/profile\/igfae.bsky.social\">\u00a0<\/a><span style=\"color: inherit; background-color: #ffffff;\">|\u00a0<a title=\"https:\/\/www.youtube.com\/@IGFAE\" href=\"https:\/\/www.youtube.com\/@IGFAE\">YouTube<\/a><\/span><a title=\"https:\/\/www.youtube.com\/@IGFAE\" href=\"https:\/\/www.youtube.com\/@IGFAE\">\u00a0<\/a><span style=\"color: inherit; background-color: #ffffff;\">|\u00a0<a title=\"https:\/\/www.linkedin.com\/company\/igfae\" href=\"https:\/\/www.linkedin.com\/company\/igfae\">LinkedIn<\/a> | <a href=\"https:\/\/whatsapp.com\/channel\/0029VaCSDhP4IBhBdpkOXC05\" rel=\"noopener\">Whatsapp<\/a><\/span><\/p>\n<hr \/>\n<h4>Modelos de documentos<\/h4>\n<p><strong>En el enlace disponible al inicio de esta p\u00e1gina puedes encontrar modelos de documentos como\u00a0<\/strong><\/p>\n<ul>\n<li>Modelo de documento de texto<\/li>\n<li>Modelo de documento de texto con portada<\/li>\n<li>Modelo de carta<\/li>\n<li>Modelo de presentaci\u00f3n de diapositivas 16:9<\/li>\n<li>Modelo de presentaci\u00f3n de diapositivas\u00a0 4:3<\/li>\n<li>Modelo de informe de participaci\u00f3n<\/li>\n<\/ul>\n<p>[\/vc_column_text][\/vc_column][\/vc_row]<\/p>\n","protected":false},"excerpt":{"rendered":"<p>[vc_row foundry_background_style=\u00bbbg-secondary\u00bb][vc_column css=\u00bb.vc_custom_1565621136979{margin-top: 40px !important;}\u00bb][vc_column_text]2024 y 2025 est\u00e1n siendo a\u00f1os de transformaciones para el IGFAE. La apertura de la nueva sede,&#8230;<\/p>\n","protected":false},"author":8,"featured_media":16245,"parent":0,"menu_order":0,"comment_status":"closed","ping_status":"closed","template":"","meta":{"om_disable_all_campaigns":false,"_monsterinsights_skip_tracking":false,"_monsterinsights_sitenote_active":false,"_monsterinsights_sitenote_note":"","_monsterinsights_sitenote_category":0},"aioseo_notices":[],"yoast_head":"<!-- This site is optimized with the Yoast SEO plugin v18.4.1 - https:\/\/yoast.com\/wordpress\/plugins\/seo\/ -->\n<title>Identidad Visual - IGFAE<\/title>\n<meta name=\"robots\" content=\"index, follow, max-snippet:-1, max-image-preview:large, max-video-preview:-1\" \/>\n<link rel=\"canonical\" href=\"https:\/\/igfae.usc.es\/~igfae-old\/es\/identidad-visual\/\" \/>\n<meta property=\"og:locale\" content=\"es_ES\" \/>\n<meta property=\"og:type\" content=\"article\" \/>\n<meta property=\"og:title\" content=\"Identidad Visual - IGFAE\" \/>\n<meta property=\"og:description\" content=\"[vc_row foundry_background_style=\u00bbbg-secondary\u00bb][vc_column css=\u00bb.vc_custom_1565621136979{margin-top: 40px !important;}\u00bb][vc_column_text]2024 y 2025 est\u00e1n siendo a\u00f1os de transformaciones para el IGFAE. La apertura de la nueva sede,...\" \/>\n<meta property=\"og:url\" content=\"https:\/\/igfae.usc.es\/~igfae-old\/es\/identidad-visual\/\" \/>\n<meta property=\"og:site_name\" content=\"IGFAE\" \/>\n<meta property=\"article:modified_time\" content=\"2025-01-21T13:52:05+00:00\" \/>\n<meta property=\"og:image\" content=\"https:\/\/igfae.usc.es\/~igfae-old\/wp-content\/uploads\/2024\/09\/ig.png\" \/>\n\t<meta property=\"og:image:width\" content=\"1000\" \/>\n\t<meta property=\"og:image:height\" content=\"1000\" \/>\n\t<meta property=\"og:image:type\" content=\"image\/png\" \/>\n<meta name=\"twitter:card\" content=\"summary_large_image\" \/>\n<meta name=\"twitter:site\" content=\"@igfae_hep\" \/>\n<meta name=\"twitter:label1\" content=\"Tiempo de lectura\" \/>\n\t<meta name=\"twitter:data1\" content=\"6 minutos\" \/>\n<script type=\"application\/ld+json\" class=\"yoast-schema-graph\">{\"@context\":\"https:\/\/schema.org\",\"@graph\":[{\"@type\":\"WebSite\",\"@id\":\"https:\/\/igfae.usc.es\/~igfae-old\/#website\",\"url\":\"https:\/\/igfae.usc.es\/~igfae-old\/\",\"name\":\"IGFAE\",\"description\":\"Instituto Galego de F\u00edsica de Altas Enerx\u00edas\",\"potentialAction\":[{\"@type\":\"SearchAction\",\"target\":{\"@type\":\"EntryPoint\",\"urlTemplate\":\"https:\/\/igfae.usc.es\/~igfae-old\/?s={search_term_string}\"},\"query-input\":\"required name=search_term_string\"}],\"inLanguage\":\"es\"},{\"@type\":\"ImageObject\",\"@id\":\"https:\/\/igfae.usc.es\/~igfae-old\/es\/identidad-visual\/#primaryimage\",\"inLanguage\":\"es\",\"url\":\"https:\/\/igfae.usc.es\/~igfae-old\/wp-content\/uploads\/2024\/09\/ig.png\",\"contentUrl\":\"https:\/\/igfae.usc.es\/~igfae-old\/wp-content\/uploads\/2024\/09\/ig.png\",\"width\":1000,\"height\":1000},{\"@type\":\"WebPage\",\"@id\":\"https:\/\/igfae.usc.es\/~igfae-old\/es\/identidad-visual\/#webpage\",\"url\":\"https:\/\/igfae.usc.es\/~igfae-old\/es\/identidad-visual\/\",\"name\":\"Identidad Visual - IGFAE\",\"isPartOf\":{\"@id\":\"https:\/\/igfae.usc.es\/~igfae-old\/#website\"},\"primaryImageOfPage\":{\"@id\":\"https:\/\/igfae.usc.es\/~igfae-old\/es\/identidad-visual\/#primaryimage\"},\"datePublished\":\"2020-07-14T11:56:06+00:00\",\"dateModified\":\"2025-01-21T13:52:05+00:00\",\"breadcrumb\":{\"@id\":\"https:\/\/igfae.usc.es\/~igfae-old\/es\/identidad-visual\/#breadcrumb\"},\"inLanguage\":\"es\",\"potentialAction\":[{\"@type\":\"ReadAction\",\"target\":[\"https:\/\/igfae.usc.es\/~igfae-old\/es\/identidad-visual\/\"]}]},{\"@type\":\"BreadcrumbList\",\"@id\":\"https:\/\/igfae.usc.es\/~igfae-old\/es\/identidad-visual\/#breadcrumb\",\"itemListElement\":[{\"@type\":\"ListItem\",\"position\":1,\"name\":\"Home\",\"item\":\"https:\/\/igfae.usc.es\/~igfae-old\/es\/\"},{\"@type\":\"ListItem\",\"position\":2,\"name\":\"Identidad Visual\"}]}]}<\/script>\n<!-- \/ Yoast SEO plugin. -->","yoast_head_json":{"title":"Identidad Visual - IGFAE","robots":{"index":"index","follow":"follow","max-snippet":"max-snippet:-1","max-image-preview":"max-image-preview:large","max-video-preview":"max-video-preview:-1"},"canonical":"https:\/\/igfae.usc.es\/~igfae-old\/es\/identidad-visual\/","og_locale":"es_ES","og_type":"article","og_title":"Identidad Visual - IGFAE","og_description":"[vc_row foundry_background_style=\u00bbbg-secondary\u00bb][vc_column css=\u00bb.vc_custom_1565621136979{margin-top: 40px !important;}\u00bb][vc_column_text]2024 y 2025 est\u00e1n siendo a\u00f1os de transformaciones para el IGFAE. La apertura de la nueva sede,...","og_url":"https:\/\/igfae.usc.es\/~igfae-old\/es\/identidad-visual\/","og_site_name":"IGFAE","article_modified_time":"2025-01-21T13:52:05+00:00","og_image":[{"width":1000,"height":1000,"url":"https:\/\/igfae.usc.es\/~igfae-old\/wp-content\/uploads\/2024\/09\/ig.png","type":"image\/png"}],"twitter_card":"summary_large_image","twitter_site":"@igfae_hep","twitter_misc":{"Tiempo de lectura":"6 minutos"},"schema":{"@context":"https:\/\/schema.org","@graph":[{"@type":"WebSite","@id":"https:\/\/igfae.usc.es\/~igfae-old\/#website","url":"https:\/\/igfae.usc.es\/~igfae-old\/","name":"IGFAE","description":"Instituto Galego de F\u00edsica de Altas Enerx\u00edas","potentialAction":[{"@type":"SearchAction","target":{"@type":"EntryPoint","urlTemplate":"https:\/\/igfae.usc.es\/~igfae-old\/?s={search_term_string}"},"query-input":"required name=search_term_string"}],"inLanguage":"es"},{"@type":"ImageObject","@id":"https:\/\/igfae.usc.es\/~igfae-old\/es\/identidad-visual\/#primaryimage","inLanguage":"es","url":"https:\/\/igfae.usc.es\/~igfae-old\/wp-content\/uploads\/2024\/09\/ig.png","contentUrl":"https:\/\/igfae.usc.es\/~igfae-old\/wp-content\/uploads\/2024\/09\/ig.png","width":1000,"height":1000},{"@type":"WebPage","@id":"https:\/\/igfae.usc.es\/~igfae-old\/es\/identidad-visual\/#webpage","url":"https:\/\/igfae.usc.es\/~igfae-old\/es\/identidad-visual\/","name":"Identidad Visual - IGFAE","isPartOf":{"@id":"https:\/\/igfae.usc.es\/~igfae-old\/#website"},"primaryImageOfPage":{"@id":"https:\/\/igfae.usc.es\/~igfae-old\/es\/identidad-visual\/#primaryimage"},"datePublished":"2020-07-14T11:56:06+00:00","dateModified":"2025-01-21T13:52:05+00:00","breadcrumb":{"@id":"https:\/\/igfae.usc.es\/~igfae-old\/es\/identidad-visual\/#breadcrumb"},"inLanguage":"es","potentialAction":[{"@type":"ReadAction","target":["https:\/\/igfae.usc.es\/~igfae-old\/es\/identidad-visual\/"]}]},{"@type":"BreadcrumbList","@id":"https:\/\/igfae.usc.es\/~igfae-old\/es\/identidad-visual\/#breadcrumb","itemListElement":[{"@type":"ListItem","position":1,"name":"Home","item":"https:\/\/igfae.usc.es\/~igfae-old\/es\/"},{"@type":"ListItem","position":2,"name":"Identidad Visual"}]}]}},"_links":{"self":[{"href":"https:\/\/igfae.usc.es\/~igfae-old\/es\/wp-json\/wp\/v2\/pages\/6668"}],"collection":[{"href":"https:\/\/igfae.usc.es\/~igfae-old\/es\/wp-json\/wp\/v2\/pages"}],"about":[{"href":"https:\/\/igfae.usc.es\/~igfae-old\/es\/wp-json\/wp\/v2\/types\/page"}],"author":[{"embeddable":true,"href":"https:\/\/igfae.usc.es\/~igfae-old\/es\/wp-json\/wp\/v2\/users\/8"}],"replies":[{"embeddable":true,"href":"https:\/\/igfae.usc.es\/~igfae-old\/es\/wp-json\/wp\/v2\/comments?post=6668"}],"version-history":[{"count":43,"href":"https:\/\/igfae.usc.es\/~igfae-old\/es\/wp-json\/wp\/v2\/pages\/6668\/revisions"}],"predecessor-version":[{"id":16701,"href":"https:\/\/igfae.usc.es\/~igfae-old\/es\/wp-json\/wp\/v2\/pages\/6668\/revisions\/16701"}],"wp:featuredmedia":[{"embeddable":true,"href":"https:\/\/igfae.usc.es\/~igfae-old\/es\/wp-json\/wp\/v2\/media\/16245"}],"wp:attachment":[{"href":"https:\/\/igfae.usc.es\/~igfae-old\/es\/wp-json\/wp\/v2\/media?parent=6668"}],"curies":[{"name":"wp","href":"https:\/\/api.w.org\/{rel}","templated":true}]}}