



{"id":6059,"date":"2020-05-11T11:07:35","date_gmt":"2020-05-11T09:07:35","guid":{"rendered":"https:\/\/igfae.usc.es\/~igfae-old\/?page_id=6059"},"modified":"2020-12-18T12:06:25","modified_gmt":"2020-12-18T10:06:25","slug":"universo-peregrino","status":"publish","type":"page","link":"https:\/\/igfae.usc.es\/~igfae-old\/es\/universo-peregrino\/","title":{"rendered":"Universo peregrino: ciencia galega cara o mundo"},"content":{"rendered":"<p>[vc_row foundry_background_style=\u00bbbg-secondary\u00bb css=\u00bb.vc_custom_1589187503952{background-color: #ffffff !important;}\u00bb][vc_column css=\u00bb.vc_custom_1565621136979{margin-top: 40px !important;}\u00bb][vc_column_text]<\/p>\n<p class=\"lead\"><span style=\"color: #333333;\">\u00abUniverso peregrino: ciencia galega cara o mundo\u00bb es un ciclo de charlas divulgativas online organizado por el Instituto Galego de F\u00edsica de Altas Enerx\u00edas (IGFAE) de la Universidad de Santiago de Compostela para la comunidad gallegohablante internacional. En momentos de aislamiento en los que los peregrinos no pueden venir a Santiago, la ciudad Xacobea es la que reconstruye los puentes y emprende el peregrinaje hacia el mundo. Todos los jueves de mayo y junio de 2020, a las 16:00 (hora de Madrid), el personal investigador del IGFAE dar\u00e1 una charla sobre distintos temas de f\u00edsica que pueden seguirse online. Despu\u00e9s se subir\u00e1n al <a href=\"https:\/\/youtube.com\/playlist?list=PLBq1bmlryLC6nzRbGKsc5c4k-RXkFOXwY\">canal de Youtube.\u00a0<\/a><\/span><\/p>\n<p>[\/vc_column_text][vc_row_inner][vc_column_inner width=\u00bb1\/3&#8243; css=\u00bb.vc_custom_1530097449062{padding-right: 10px !important;padding-left: 10px !important;}\u00bb][vc_hoverbox image=\u00bb5999&#8243; primary_title=\u00bb\u00bb hover_title=\u00bb\u00bb shape=\u00bbsquare\u00bb]Cibr\u00e1n Santamarina nos explicar\u00e1 en esta primera charla los or\u00edgenes\u00a0 de la materia y c\u00f3mo se investigan en el CERN part\u00edculas como el bos\u00f3n de Higgs.[\/vc_hoverbox][vc_hoverbox image=\u00bb7037&#8243; primary_title=\u00bb\u00bb hover_title=\u00bb\u00bb shape=\u00bbsquare\u00bb css=\u00bb.vc_custom_1603877159725{padding-top: 40px !important;}\u00bb]A veces, encontrar el origen de las cosas m\u00e1s peque\u00f1as que podamos imaginar requiere descubrir c\u00f3mo nacen y mueren las estrellas. Y los mecanismos que inventamos en el laboratorio para comprender los misterios de los n\u00facleos at\u00f3micos sirven para diagnosticar y curar enfermedades. Haremos una breve revisi\u00f3n del mundo subat\u00f3mico, record\u00e1ndonos que todos somos polvo de estrellas.<\/p>\n<p>[\/vc_hoverbox][vc_hoverbox image=\u00bb7057&#8243; primary_title=\u00bb\u00bb hover_title=\u00bb\u00bb shape=\u00bbsquare\u00bb css=\u00bb.vc_custom_1603877206882{padding-top: 40px !important;}\u00bb]Los seres humanos somos curiosos por naturaleza y m\u00e1s de una vez nos hacemos las siguientes preguntas: \u00bfPor qu\u00e9 estamos aqu\u00ed? \u00bfDe d\u00f3nde vinimos? \u00bfDe d\u00f3nde viene el mundo? \u00bfDe qu\u00e9 est\u00e1 hecho? En esta charla intentaremos demostrar que ya tenemos algunas respuestas al universo incre\u00edblemente complejo en el que vivimos.<\/p>\n<p>[\/vc_hoverbox][\/vc_column_inner][vc_column_inner width=\u00bb1\/3&#8243;][vc_hoverbox image=\u00bb6032&#8243; primary_title=\u00bb\u00bb hover_title=\u00bb\u00bb shape=\u00bbsquare\u00bb]\u00bfDe d\u00f3nde viene todo esto que vemos a nuestro alrededor? Hace un siglo, esta pregunta estaba fuera del \u00e1mbito de la f\u00edsica, pero los\u00a0 avances cient\u00edficos de los \u00faltimos cien a\u00f1os han respondido muchas preguntas sobre el origen y la evoluci\u00f3n del Universo. Haremos una introducci\u00f3n a los logros m\u00e1s notables de esta fascinante empresa intelectual y colocaremos el papel que Stephen Hawking jug\u00f3 en ella.[\/vc_hoverbox][vc_hoverbox image=\u00bb7327&#8243; primary_title=\u00bb\u00bb hover_title=\u00bb\u00bb shape=\u00bbsquare\u00bb css=\u00bb.vc_custom_1603877181341{padding-top: 40px !important;}\u00bb]La ciencia ficci\u00f3n siempre ha estado interesada en los quarks y los gluones, pero \u00bfsab\u00edas que son muy reales? Estas part\u00edculas, los bloques fundamentales de la fuerza fuerte, son esenciales para explicar el origen del universo, por lo que hoy es un tema muy en auge en f\u00edsica.<\/p>\n<p>[\/vc_hoverbox][vc_hoverbox image=\u00bb7081&#8243; primary_title=\u00bb\u00bb hover_title=\u00bb\u00bb shape=\u00bbsquare\u00bb css=\u00bb.vc_custom_1603877218792{padding-top: 40px !important;}\u00bb]Si el Universo tuviera 24 horas, la materia que compone todo lo que nos rodea se form\u00f3 en solo los primeros 3 minutos. Desde los quarks, gluones y leptones, las part\u00edculas m\u00e1s elementales y \u00fanicas, hasta la enorme diversidad de galaxias y c\u00famulos de galaxias, hay un viaje evolutivo de 13.800 millones de a\u00f1os. En esta charla abriremos una ventana al cielo para escudri\u00f1ar la naturaleza m\u00e1s \u00edntima de la materia.<\/p>\n<p>[\/vc_hoverbox][\/vc_column_inner][vc_column_inner width=\u00bb1\/3&#8243;][vc_hoverbox image=\u00bb8108&#8243; primary_title=\u00bb\u00bb hover_title=\u00bb\u00bb shape=\u00bbsquare\u00bb]Cuatro interacciones fundamentales pueden gobernar desde los objetos m\u00e1s grandes hasta los m\u00e1s peque\u00f1os del universo. La interacci\u00f3n gravitaroria fue la primera en llamar la atenci\u00f3n de los grandes pensadores de la antig\u00fcedad, quienes ya estaban levantando la cabeza tratando de explicar los intrincados movimientos de las estrellas. En esta tercera charla del ciclo veremos que quedan muchas preguntas por responder.<\/p>\n<p>[\/vc_hoverbox][vc_hoverbox image=\u00bb7330&#8243; primary_title=\u00bb\u00bb hover_title=\u00bb\u00bb shape=\u00bbsquare\u00bb css=\u00bb.vc_custom_1603877195112{padding-top: 40px !important;}\u00bb]En los \u00faltimos a\u00f1os, el CERN, el laboratorio de f\u00edsica de part\u00edculas m\u00e1s grande del mundo, se ha convertido en el protagonista de muchas noticias, especialmente relacionadas con el Gran Colisionador de Hadrones (LHC), el acelerador de part\u00edculas m\u00e1s grande de la historia. Explicaremos la relevancia del laboratorio para comprender c\u00f3mo la detecci\u00f3n de part\u00edculas diminutas requiere m\u00e1quinas tan grandes y potentes.<\/p>\n<p>[\/vc_hoverbox][\/vc_column_inner][\/vc_row_inner][vc_row_inner css=\u00bb.vc_custom_1589808631399{padding-top: 20px !important;}\u00bb][vc_column_inner][vc_column_text css=\u00bb.vc_custom_1589808602459{border-left-width: 25px !important;padding-left: 10px !important;border-left-color: #055dbe !important;border-left-style: solid !important;}\u00bb]<\/p>\n<h4><span style=\"color: #055dbe;\"><strong>V\u00eddeos<\/strong><\/span><\/h4>\n<p>[\/vc_column_text][\/vc_column_inner][\/vc_row_inner][vc_row_inner][vc_column_inner width=\u00bb1\/3&#8243;][vc_video link=\u00bbhttps:\/\/youtu.be\/METuuGhadSA\u00bb][vc_video link=\u00bbhttps:\/\/www.youtube.com\/watch?v=-o5fTrAYFgI&amp;t=1s\u00bb][vc_video link=\u00bbhttps:\/\/youtu.be\/oH6cENGKw70&#8243;][\/vc_column_inner][vc_column_inner width=\u00bb1\/3&#8243;][vc_video link=\u00bbhttps:\/\/youtu.be\/4YfpjcWN1HE\u00bb][vc_video link=\u00bbhttps:\/\/youtu.be\/OPoHe4v9GOk\u00bb][vc_video link=\u00bbhttps:\/\/youtu.be\/5UbJB9Sik5w\u00bb][\/vc_column_inner][vc_column_inner width=\u00bb1\/3&#8243;][vc_video link=\u00bbhttps:\/\/youtu.be\/OktboODKZ-g\u00bb][vc_video link=\u00bbhttps:\/\/youtu.be\/VL8CY7-DOuU\u00bb][\/vc_column_inner][\/vc_row_inner][\/vc_column][\/vc_row]<\/p>\n","protected":false},"excerpt":{"rendered":"<p>[vc_row foundry_background_style=\u00bbbg-secondary\u00bb css=\u00bb.vc_custom_1589187503952{background-color: #ffffff !important;}\u00bb][vc_column css=\u00bb.vc_custom_1565621136979{margin-top: 40px !important;}\u00bb][vc_column_text] \u00abUniverso peregrino: ciencia galega cara o mundo\u00bb es un ciclo de charlas divulgativas&#8230;<\/p>\n","protected":false},"author":21,"featured_media":1892,"parent":0,"menu_order":0,"comment_status":"closed","ping_status":"closed","template":"","meta":{"om_disable_all_campaigns":false,"_monsterinsights_skip_tracking":false,"_monsterinsights_sitenote_active":false,"_monsterinsights_sitenote_note":"","_monsterinsights_sitenote_category":0},"aioseo_notices":[],"yoast_head":"<!-- This site is optimized with the Yoast SEO plugin v18.4.1 - https:\/\/yoast.com\/wordpress\/plugins\/seo\/ -->\n<title>Universo peregrino: ciencia galega cara o mundo - IGFAE<\/title>\n<meta name=\"robots\" content=\"index, follow, max-snippet:-1, max-image-preview:large, max-video-preview:-1\" \/>\n<link rel=\"canonical\" href=\"https:\/\/igfae.usc.es\/~igfae-old\/es\/universo-peregrino\/\" \/>\n<meta property=\"og:locale\" content=\"es_ES\" \/>\n<meta property=\"og:type\" content=\"article\" \/>\n<meta property=\"og:title\" content=\"Universo peregrino: ciencia galega cara o mundo - IGFAE\" \/>\n<meta property=\"og:description\" content=\"[vc_row foundry_background_style=\u00bbbg-secondary\u00bb css=\u00bb.vc_custom_1589187503952{background-color: #ffffff !important;}\u00bb][vc_column css=\u00bb.vc_custom_1565621136979{margin-top: 40px !important;}\u00bb][vc_column_text] \u00abUniverso peregrino: ciencia galega cara o mundo\u00bb es un ciclo de charlas divulgativas...\" \/>\n<meta property=\"og:url\" content=\"https:\/\/igfae.usc.es\/~igfae-old\/es\/universo-peregrino\/\" \/>\n<meta property=\"og:site_name\" content=\"IGFAE\" \/>\n<meta property=\"article:modified_time\" content=\"2020-12-18T10:06:25+00:00\" \/>\n<meta property=\"og:image\" content=\"https:\/\/igfae.usc.es\/~igfae-old\/wp-content\/uploads\/2017\/11\/Transicion-azul-Indicadores.png\" \/>\n\t<meta property=\"og:image:width\" content=\"1920\" \/>\n\t<meta property=\"og:image:height\" content=\"847\" \/>\n\t<meta property=\"og:image:type\" content=\"image\/png\" \/>\n<meta name=\"twitter:card\" content=\"summary_large_image\" \/>\n<meta name=\"twitter:site\" content=\"@igfae_hep\" \/>\n<meta name=\"twitter:label1\" content=\"Tiempo de lectura\" \/>\n\t<meta name=\"twitter:data1\" content=\"5 minutos\" \/>\n<script type=\"application\/ld+json\" class=\"yoast-schema-graph\">{\"@context\":\"https:\/\/schema.org\",\"@graph\":[{\"@type\":\"WebSite\",\"@id\":\"https:\/\/igfae.usc.es\/~igfae-old\/#website\",\"url\":\"https:\/\/igfae.usc.es\/~igfae-old\/\",\"name\":\"IGFAE\",\"description\":\"Instituto Galego de F\u00edsica de Altas Enerx\u00edas\",\"potentialAction\":[{\"@type\":\"SearchAction\",\"target\":{\"@type\":\"EntryPoint\",\"urlTemplate\":\"https:\/\/igfae.usc.es\/~igfae-old\/?s={search_term_string}\"},\"query-input\":\"required name=search_term_string\"}],\"inLanguage\":\"es\"},{\"@type\":\"ImageObject\",\"@id\":\"https:\/\/igfae.usc.es\/~igfae-old\/es\/universo-peregrino\/#primaryimage\",\"inLanguage\":\"es\",\"url\":\"https:\/\/igfae.usc.es\/~igfae-old\/wp-content\/uploads\/2017\/11\/Transicion-azul-Indicadores.png\",\"contentUrl\":\"https:\/\/igfae.usc.es\/~igfae-old\/wp-content\/uploads\/2017\/11\/Transicion-azul-Indicadores.png\",\"width\":1920,\"height\":847},{\"@type\":\"WebPage\",\"@id\":\"https:\/\/igfae.usc.es\/~igfae-old\/es\/universo-peregrino\/#webpage\",\"url\":\"https:\/\/igfae.usc.es\/~igfae-old\/es\/universo-peregrino\/\",\"name\":\"Universo peregrino: ciencia galega cara o mundo - IGFAE\",\"isPartOf\":{\"@id\":\"https:\/\/igfae.usc.es\/~igfae-old\/#website\"},\"primaryImageOfPage\":{\"@id\":\"https:\/\/igfae.usc.es\/~igfae-old\/es\/universo-peregrino\/#primaryimage\"},\"datePublished\":\"2020-05-11T09:07:35+00:00\",\"dateModified\":\"2020-12-18T10:06:25+00:00\",\"breadcrumb\":{\"@id\":\"https:\/\/igfae.usc.es\/~igfae-old\/es\/universo-peregrino\/#breadcrumb\"},\"inLanguage\":\"es\",\"potentialAction\":[{\"@type\":\"ReadAction\",\"target\":[\"https:\/\/igfae.usc.es\/~igfae-old\/es\/universo-peregrino\/\"]}]},{\"@type\":\"BreadcrumbList\",\"@id\":\"https:\/\/igfae.usc.es\/~igfae-old\/es\/universo-peregrino\/#breadcrumb\",\"itemListElement\":[{\"@type\":\"ListItem\",\"position\":1,\"name\":\"Home\",\"item\":\"https:\/\/igfae.usc.es\/~igfae-old\/es\/\"},{\"@type\":\"ListItem\",\"position\":2,\"name\":\"Universo peregrino: ciencia galega cara o mundo\"}]}]}<\/script>\n<!-- \/ Yoast SEO plugin. -->","yoast_head_json":{"title":"Universo peregrino: ciencia galega cara o mundo - IGFAE","robots":{"index":"index","follow":"follow","max-snippet":"max-snippet:-1","max-image-preview":"max-image-preview:large","max-video-preview":"max-video-preview:-1"},"canonical":"https:\/\/igfae.usc.es\/~igfae-old\/es\/universo-peregrino\/","og_locale":"es_ES","og_type":"article","og_title":"Universo peregrino: ciencia galega cara o mundo - IGFAE","og_description":"[vc_row foundry_background_style=\u00bbbg-secondary\u00bb css=\u00bb.vc_custom_1589187503952{background-color: #ffffff !important;}\u00bb][vc_column css=\u00bb.vc_custom_1565621136979{margin-top: 40px !important;}\u00bb][vc_column_text] \u00abUniverso peregrino: ciencia galega cara o mundo\u00bb es un ciclo de charlas divulgativas...","og_url":"https:\/\/igfae.usc.es\/~igfae-old\/es\/universo-peregrino\/","og_site_name":"IGFAE","article_modified_time":"2020-12-18T10:06:25+00:00","og_image":[{"width":1920,"height":847,"url":"https:\/\/igfae.usc.es\/~igfae-old\/wp-content\/uploads\/2017\/11\/Transicion-azul-Indicadores.png","type":"image\/png"}],"twitter_card":"summary_large_image","twitter_site":"@igfae_hep","twitter_misc":{"Tiempo de lectura":"5 minutos"},"schema":{"@context":"https:\/\/schema.org","@graph":[{"@type":"WebSite","@id":"https:\/\/igfae.usc.es\/~igfae-old\/#website","url":"https:\/\/igfae.usc.es\/~igfae-old\/","name":"IGFAE","description":"Instituto Galego de F\u00edsica de Altas Enerx\u00edas","potentialAction":[{"@type":"SearchAction","target":{"@type":"EntryPoint","urlTemplate":"https:\/\/igfae.usc.es\/~igfae-old\/?s={search_term_string}"},"query-input":"required name=search_term_string"}],"inLanguage":"es"},{"@type":"ImageObject","@id":"https:\/\/igfae.usc.es\/~igfae-old\/es\/universo-peregrino\/#primaryimage","inLanguage":"es","url":"https:\/\/igfae.usc.es\/~igfae-old\/wp-content\/uploads\/2017\/11\/Transicion-azul-Indicadores.png","contentUrl":"https:\/\/igfae.usc.es\/~igfae-old\/wp-content\/uploads\/2017\/11\/Transicion-azul-Indicadores.png","width":1920,"height":847},{"@type":"WebPage","@id":"https:\/\/igfae.usc.es\/~igfae-old\/es\/universo-peregrino\/#webpage","url":"https:\/\/igfae.usc.es\/~igfae-old\/es\/universo-peregrino\/","name":"Universo peregrino: ciencia galega cara o mundo - IGFAE","isPartOf":{"@id":"https:\/\/igfae.usc.es\/~igfae-old\/#website"},"primaryImageOfPage":{"@id":"https:\/\/igfae.usc.es\/~igfae-old\/es\/universo-peregrino\/#primaryimage"},"datePublished":"2020-05-11T09:07:35+00:00","dateModified":"2020-12-18T10:06:25+00:00","breadcrumb":{"@id":"https:\/\/igfae.usc.es\/~igfae-old\/es\/universo-peregrino\/#breadcrumb"},"inLanguage":"es","potentialAction":[{"@type":"ReadAction","target":["https:\/\/igfae.usc.es\/~igfae-old\/es\/universo-peregrino\/"]}]},{"@type":"BreadcrumbList","@id":"https:\/\/igfae.usc.es\/~igfae-old\/es\/universo-peregrino\/#breadcrumb","itemListElement":[{"@type":"ListItem","position":1,"name":"Home","item":"https:\/\/igfae.usc.es\/~igfae-old\/es\/"},{"@type":"ListItem","position":2,"name":"Universo peregrino: ciencia galega cara o mundo"}]}]}},"_links":{"self":[{"href":"https:\/\/igfae.usc.es\/~igfae-old\/es\/wp-json\/wp\/v2\/pages\/6059"}],"collection":[{"href":"https:\/\/igfae.usc.es\/~igfae-old\/es\/wp-json\/wp\/v2\/pages"}],"about":[{"href":"https:\/\/igfae.usc.es\/~igfae-old\/es\/wp-json\/wp\/v2\/types\/page"}],"author":[{"embeddable":true,"href":"https:\/\/igfae.usc.es\/~igfae-old\/es\/wp-json\/wp\/v2\/users\/21"}],"replies":[{"embeddable":true,"href":"https:\/\/igfae.usc.es\/~igfae-old\/es\/wp-json\/wp\/v2\/comments?post=6059"}],"version-history":[{"count":23,"href":"https:\/\/igfae.usc.es\/~igfae-old\/es\/wp-json\/wp\/v2\/pages\/6059\/revisions"}],"predecessor-version":[{"id":6115,"href":"https:\/\/igfae.usc.es\/~igfae-old\/es\/wp-json\/wp\/v2\/pages\/6059\/revisions\/6115"}],"wp:featuredmedia":[{"embeddable":true,"href":"https:\/\/igfae.usc.es\/~igfae-old\/es\/wp-json\/wp\/v2\/media\/1892"}],"wp:attachment":[{"href":"https:\/\/igfae.usc.es\/~igfae-old\/es\/wp-json\/wp\/v2\/media?parent=6059"}],"curies":[{"name":"wp","href":"https:\/\/api.w.org\/{rel}","templated":true}]}}