



{"id":10739,"date":"2021-12-16T15:27:33","date_gmt":"2021-12-16T13:27:33","guid":{"rendered":"https:\/\/igfae.usc.es\/~igfae-old\/?page_id=10739"},"modified":"2024-11-25T21:14:42","modified_gmt":"2024-11-25T19:14:42","slug":"genero-diversidad","status":"publish","type":"page","link":"https:\/\/igfae.usc.es\/~igfae-old\/es\/genero-diversidad\/","title":{"rendered":"G\u00e9nero y Diversidad"},"content":{"rendered":"<p>[vc_row full_width=\u00bbstretch_row\u00bb foundry_padding=\u00bbpt0 pb0&#8243; foundry_parallax=\u00bbnot-parallax\u00bb css=\u00bb.vc_custom_1511969745245{background-image: url(https:\/\/igfae.usc.es\/~igfae-old\/wp-content\/uploads\/2017\/11\/fondo.jpg?id=122) !important;}\u00bb][vc_column][vc_row_inner][vc_column_inner width=\u00bb5\/12&#8243; css=\u00bb.vc_custom_1639651481751{margin-bottom: 0px !important;padding-bottom: 0px !important;}\u00bb][vc_single_image image=\u00bb10741&#8243; img_size=\u00bbfull\u00bb][\/vc_column_inner][vc_column_inner width=\u00bb5\/12&#8243; offset=\u00bbvc_col-lg-offset-1&#8243; css=\u00bb.vc_custom_1639651446041{margin-bottom: 0px !important;padding-top: 30px !important;padding-bottom: 0px !important;}\u00bb][vc_column_text css=\u00bb.vc_custom_1690459637912{margin-top: 0px !important;padding-top: 0px !important;}\u00bb]<\/p>\n<h4><span style=\"color: #055dbe;\">Estrategia para la igualdad de g\u00e9nero y diversidad<\/span><\/h4>\n<p class=\"lead\">La Estrategia de g\u00e9nero y diversidad del IGFAE realiza un constante seguimiento de las medidas dirigidas a cumplir con estos principios en el acceso, presencia, promoci\u00f3n y representaci\u00f3n en el \u00e1mbito del instituto. Este documento fue desarrollado por el Grupo de Trabajo de G\u00e9nero y Diversidad del IGFAE y aprobado por la Junta de Gobierno el 6 de julio de 2021.<\/p>\n<p class=\"lead\">La estrategia puede consultarse en estos enlaces:<\/p>\n<p><strong>&#8211; <a href=\"https:\/\/igfae.usc.es\/~igfae-old\/wp-content\/uploads\/2023\/06\/EquityPlan_V03_galego.pdf\" target=\"_blank\" rel=\"noopener\">Versi\u00f3n en gallego<\/a><\/strong><\/p>\n<p><strong>&#8211;\u00a0<a href=\"https:\/\/igfae.usc.es\/~igfae-old\/wp-content\/uploads\/2021\/11\/EquityPlan_V03.pdf\">Versi\u00f3n en castellano<\/a><\/strong><\/p>\n<p><strong>&#8211; <a href=\"https:\/\/igfae.usc.es\/~igfae-old\/wp-content\/uploads\/2023\/06\/EquityPlan_V03_ENG.pdf\" target=\"_blank\" rel=\"noopener\">Versi\u00f3n en ingl\u00e9s<\/a><\/strong><\/p>\n<p class=\"lead\">Outros documentos de interese:<\/p>\n<p class=\"lead\"><a href=\"https:\/\/www.usc.gal\/en\/node\/35683\" target=\"_blank\" rel=\"noopener\">III Plan Estrat\u00e9gico de Igualdad de Oportunidades en la USC<\/a><\/p>\n<p class=\"lead\"><a href=\"https:\/\/www.usc.gal\/es\/servicios\/area\/igualdad\/acoso-violencia\/protocolo-prevencion-actuacion-frente-acoso\" target=\"_blank\" rel=\"noopener\">Protocolo de prevenci\u00f3n y actuaci\u00f3n frente al acoso en la USC<\/a><\/p>\n<p class=\"lead\"><a href=\"https:\/\/minerva.usc.es\/xmlui\/handle\/10347\/27531\" target=\"_blank\" rel=\"noopener\">Protocolo de actuaci\u00f3n para los cambios de nombre y de menci\u00f3n relativa al sexo de las personas transexuales, transg\u00e9nero e intersexuales en la USC (en gallego)<\/a><\/p>\n<div class=\"item_view_URI\"><\/div>\n<p>[\/vc_column_text][vc_single_image image=\u00bb14847&#8243; img_size=\u00bb\u00bb onclick=\u00bbimg_link_large\u00bb][vc_empty_space][\/vc_column_inner][\/vc_row_inner][\/vc_column][\/vc_row][vc_row foundry_background_style=\u00bbbg-secondary\u00bb foundry_padding=\u00bbpt64 pb64&#8243; css=\u00bb.vc_custom_1639652487757{background-image: url(https:\/\/igfae.usc.es\/~igfae-old\/wp-content\/uploads\/2017\/11\/Transicion-azul-Indicadores.png?id=120) !important;}\u00bb][vc_column][vc_column_text css=\u00bb.vc_custom_1732562080047{padding-top: 10px !important;}\u00bb]<\/p>\n<h2 class=\"lead\"><strong>Actividades<\/strong><\/h2>\n<p class=\"lead\">&#8211; D\u00eda Internacional de la Mujer y la Ni\u00f1a en la Ciencia: <a href=\"https:\/\/igfae.usc.es\/masterclass_women_in_science\/\">Masterclass de f\u00edsica de part\u00edculas para chicas <\/a>(2019, <a href=\"https:\/\/igfae.usc.es\/~igfae-old\/masterclass-particle-physics-11f\/\">2020<\/a>, <a href=\"https:\/\/igfae.usc.es\/~igfae-old\/masterclass-11f-2022\/\">2022, <\/a><a href=\"https:\/\/twitter.com\/IGFAE_HEP\/status\/1624363837146255360\" target=\"_blank\" rel=\"noopener\">2023,<\/a> <a href=\"https:\/\/www.instagram.com\/p\/C3Kzpp1MYh7\/\" target=\"_blank\" rel=\"noopener\">2024<\/a>), <a href=\"https:\/\/igfae.usc.es\/~igfae-old\/gl\/de-nenas-a-investigadoras-o-camino-da-ciencia\/\">Mesa redonda: \u201cDe ni\u00f1as a investigadoras: el camino de la ciencia\u201d (2021)<\/a> y <a href=\"https:\/\/igfae.usc.es\/~igfae-old\/gl\/christiane-dia-muller-nena-ciencia-2022\/\">Christiane, bio-musical cient\u00edfico (2022)<\/a>.<br \/>\n&#8211; <a href=\"https:\/\/igfae.usc.es\/~igfae-old\/gl\/minorias-en-ciencia\/\">Minor\u00edas en ciencia: conversaciones sobre igualdad e inclusi\u00f3n entre vinos y cervexas (2019)<\/a><br \/>\n&#8211; <a href=\"https:\/\/youtu.be\/jEFrgXxPRRM\">Debate: \u00abF\u00edsica: unha ciencia sin g\u00e9nero?\u00bb (2020)<\/a><br \/>\n&#8211; \u00abTransfronteirizas: conversas de arte e ciencia\u00bb con <a href=\"https:\/\/youtu.be\/V5jwOcNQgzA\">Rosa Montero<\/a> (2020), <a href=\"https:\/\/youtu.be\/PyxCOp1fbz0\">Marta Macho (2021)<\/a> y <a href=\"https:\/\/youtu.be\/wMc3Ueoj7rY\">Anna Figueiredo (2021)<\/a>.<br \/>\n&#8211; <a href=\"https:\/\/igfae.usc.es\/~igfae-old\/christiane-dia-muller-nena-ciencia-2022\/\">\u00abRecordando a Lise Meitner\u00bb<\/a> (2022)<br \/>\n&#8211; <a href=\"https:\/\/igfae.usc.es\/~igfae-old\/talk\/1061\" target=\"_blank\" rel=\"noopener\">Taller sobre diversidad afectivo-sexual y de g\u00e9nero<\/a>\u00a0(2023)<\/p>\n<p>&nbsp;<\/p>\n<h2 class=\"lead\"><strong>Colaboraciones<\/strong><\/h2>\n<p class=\"lead\">&#8211; En junio de 2020, el IGFAE se uni\u00f3 a la <a href=\"https:\/\/www.genera-network.eu\/\">red XENERA<\/a> (Red de Igualdad de G\u00e9nero en F\u00edsica en el Espacio Europeo de Investigaci\u00f3n), cuyo objetivo es apoyar, coordinar y mejorar las pol\u00edticas de igualdad de g\u00e9nero en las organizaciones de investigaci\u00f3n en f\u00edsica en Europa y el mundo. Por ello, IGFAE particip\u00f3 en una propuesta COST, denominada BIRDIE.<\/p>\n<p>[\/vc_column_text][\/vc_column][\/vc_row][vc_row][vc_column][vc_basic_grid post_type=\u00bbpost\u00bb max_items=\u00bb\u00bb style=\u00bbpagination\u00bb items_per_page=\u00bb3&#8243; arrows_design=\u00bbvc_arrow-icon-arrow_01_left\u00bb arrows_position=\u00bboutside\u00bb paging_color=\u00bbpurple\u00bb loop=\u00bbyes\u00bb grid_id=\u00bbvc_gid:1732559003578-ca1a9c9251015389d9ffb1648d2e90bb-0&#8243; taxonomies=\u00bb105&#8243;][\/vc_column][\/vc_row]<\/p>\n","protected":false},"excerpt":{"rendered":"<p>[vc_row full_width=\u00bbstretch_row\u00bb foundry_padding=\u00bbpt0 pb0&#8243; foundry_parallax=\u00bbnot-parallax\u00bb css=\u00bb.vc_custom_1511969745245{background-image: url(https:\/\/igfae.usc.es\/~igfae-old\/wp-content\/uploads\/2017\/11\/fondo.jpg?id=122) !important;}\u00bb][vc_column][vc_row_inner][vc_column_inner width=\u00bb5\/12&#8243; css=\u00bb.vc_custom_1639651481751{margin-bottom: 0px !important;padding-bottom: 0px !important;}\u00bb][vc_single_image image=\u00bb10741&#8243; img_size=\u00bbfull\u00bb][\/vc_column_inner][vc_column_inner width=\u00bb5\/12&#8243; offset=\u00bbvc_col-lg-offset-1&#8243; css=\u00bb.vc_custom_1639651446041{margin-bottom: 0px !important;padding-top:&#8230;<\/p>\n","protected":false},"author":21,"featured_media":1892,"parent":0,"menu_order":0,"comment_status":"closed","ping_status":"closed","template":"","meta":{"om_disable_all_campaigns":false,"_monsterinsights_skip_tracking":false,"_monsterinsights_sitenote_active":false,"_monsterinsights_sitenote_note":"","_monsterinsights_sitenote_category":0},"aioseo_notices":[],"yoast_head":"<!-- This site is optimized with the Yoast SEO plugin v18.4.1 - https:\/\/yoast.com\/wordpress\/plugins\/seo\/ -->\n<title>G\u00e9nero y Diversidad - IGFAE<\/title>\n<meta name=\"robots\" content=\"index, follow, max-snippet:-1, max-image-preview:large, max-video-preview:-1\" \/>\n<link rel=\"canonical\" href=\"https:\/\/igfae.usc.es\/~igfae-old\/es\/genero-diversidad\/\" \/>\n<meta property=\"og:locale\" content=\"es_ES\" \/>\n<meta property=\"og:type\" content=\"article\" \/>\n<meta property=\"og:title\" content=\"G\u00e9nero y Diversidad - IGFAE\" \/>\n<meta property=\"og:description\" content=\"[vc_row full_width=\u00bbstretch_row\u00bb foundry_padding=\u00bbpt0 pb0&#8243; foundry_parallax=\u00bbnot-parallax\u00bb css=\u00bb.vc_custom_1511969745245{background-image: url(https:\/\/igfae.usc.es\/~igfae-old\/wp-content\/uploads\/2017\/11\/fondo.jpg?id=122) !important;}\u00bb][vc_column][vc_row_inner][vc_column_inner width=\u00bb5\/12&#8243; css=\u00bb.vc_custom_1639651481751{margin-bottom: 0px !important;padding-bottom: 0px !important;}\u00bb][vc_single_image image=\u00bb10741&#8243; img_size=\u00bbfull\u00bb][\/vc_column_inner][vc_column_inner width=\u00bb5\/12&#8243; offset=\u00bbvc_col-lg-offset-1&#8243; css=\u00bb.vc_custom_1639651446041{margin-bottom: 0px !important;padding-top:...\" \/>\n<meta property=\"og:url\" content=\"https:\/\/igfae.usc.es\/~igfae-old\/es\/genero-diversidad\/\" \/>\n<meta property=\"og:site_name\" content=\"IGFAE\" \/>\n<meta property=\"article:modified_time\" content=\"2024-11-25T19:14:42+00:00\" \/>\n<meta property=\"og:image\" content=\"https:\/\/igfae.usc.es\/~igfae-old\/wp-content\/uploads\/2017\/11\/Transicion-azul-Indicadores.png\" \/>\n\t<meta property=\"og:image:width\" content=\"1920\" \/>\n\t<meta property=\"og:image:height\" content=\"847\" \/>\n\t<meta property=\"og:image:type\" content=\"image\/png\" \/>\n<meta name=\"twitter:card\" content=\"summary_large_image\" \/>\n<meta name=\"twitter:site\" content=\"@igfae_hep\" \/>\n<meta name=\"twitter:label1\" content=\"Tiempo de lectura\" \/>\n\t<meta name=\"twitter:data1\" content=\"2 minutos\" \/>\n<script type=\"application\/ld+json\" class=\"yoast-schema-graph\">{\"@context\":\"https:\/\/schema.org\",\"@graph\":[{\"@type\":\"WebSite\",\"@id\":\"https:\/\/igfae.usc.es\/~igfae-old\/#website\",\"url\":\"https:\/\/igfae.usc.es\/~igfae-old\/\",\"name\":\"IGFAE\",\"description\":\"Instituto Galego de F\u00edsica de Altas Enerx\u00edas\",\"potentialAction\":[{\"@type\":\"SearchAction\",\"target\":{\"@type\":\"EntryPoint\",\"urlTemplate\":\"https:\/\/igfae.usc.es\/~igfae-old\/?s={search_term_string}\"},\"query-input\":\"required name=search_term_string\"}],\"inLanguage\":\"es\"},{\"@type\":\"ImageObject\",\"@id\":\"https:\/\/igfae.usc.es\/~igfae-old\/es\/genero-diversidad\/#primaryimage\",\"inLanguage\":\"es\",\"url\":\"https:\/\/igfae.usc.es\/~igfae-old\/wp-content\/uploads\/2017\/11\/Transicion-azul-Indicadores.png\",\"contentUrl\":\"https:\/\/igfae.usc.es\/~igfae-old\/wp-content\/uploads\/2017\/11\/Transicion-azul-Indicadores.png\",\"width\":1920,\"height\":847},{\"@type\":\"WebPage\",\"@id\":\"https:\/\/igfae.usc.es\/~igfae-old\/es\/genero-diversidad\/#webpage\",\"url\":\"https:\/\/igfae.usc.es\/~igfae-old\/es\/genero-diversidad\/\",\"name\":\"G\u00e9nero y Diversidad - IGFAE\",\"isPartOf\":{\"@id\":\"https:\/\/igfae.usc.es\/~igfae-old\/#website\"},\"primaryImageOfPage\":{\"@id\":\"https:\/\/igfae.usc.es\/~igfae-old\/es\/genero-diversidad\/#primaryimage\"},\"datePublished\":\"2021-12-16T13:27:33+00:00\",\"dateModified\":\"2024-11-25T19:14:42+00:00\",\"breadcrumb\":{\"@id\":\"https:\/\/igfae.usc.es\/~igfae-old\/es\/genero-diversidad\/#breadcrumb\"},\"inLanguage\":\"es\",\"potentialAction\":[{\"@type\":\"ReadAction\",\"target\":[\"https:\/\/igfae.usc.es\/~igfae-old\/es\/genero-diversidad\/\"]}]},{\"@type\":\"BreadcrumbList\",\"@id\":\"https:\/\/igfae.usc.es\/~igfae-old\/es\/genero-diversidad\/#breadcrumb\",\"itemListElement\":[{\"@type\":\"ListItem\",\"position\":1,\"name\":\"Home\",\"item\":\"https:\/\/igfae.usc.es\/~igfae-old\/es\/\"},{\"@type\":\"ListItem\",\"position\":2,\"name\":\"G\u00e9nero y Diversidad\"}]}]}<\/script>\n<!-- \/ Yoast SEO plugin. -->","yoast_head_json":{"title":"G\u00e9nero y Diversidad - IGFAE","robots":{"index":"index","follow":"follow","max-snippet":"max-snippet:-1","max-image-preview":"max-image-preview:large","max-video-preview":"max-video-preview:-1"},"canonical":"https:\/\/igfae.usc.es\/~igfae-old\/es\/genero-diversidad\/","og_locale":"es_ES","og_type":"article","og_title":"G\u00e9nero y Diversidad - IGFAE","og_description":"[vc_row full_width=\u00bbstretch_row\u00bb foundry_padding=\u00bbpt0 pb0&#8243; foundry_parallax=\u00bbnot-parallax\u00bb css=\u00bb.vc_custom_1511969745245{background-image: url(https:\/\/igfae.usc.es\/~igfae-old\/wp-content\/uploads\/2017\/11\/fondo.jpg?id=122) !important;}\u00bb][vc_column][vc_row_inner][vc_column_inner width=\u00bb5\/12&#8243; css=\u00bb.vc_custom_1639651481751{margin-bottom: 0px !important;padding-bottom: 0px !important;}\u00bb][vc_single_image image=\u00bb10741&#8243; img_size=\u00bbfull\u00bb][\/vc_column_inner][vc_column_inner width=\u00bb5\/12&#8243; offset=\u00bbvc_col-lg-offset-1&#8243; css=\u00bb.vc_custom_1639651446041{margin-bottom: 0px !important;padding-top:...","og_url":"https:\/\/igfae.usc.es\/~igfae-old\/es\/genero-diversidad\/","og_site_name":"IGFAE","article_modified_time":"2024-11-25T19:14:42+00:00","og_image":[{"width":1920,"height":847,"url":"https:\/\/igfae.usc.es\/~igfae-old\/wp-content\/uploads\/2017\/11\/Transicion-azul-Indicadores.png","type":"image\/png"}],"twitter_card":"summary_large_image","twitter_site":"@igfae_hep","twitter_misc":{"Tiempo de lectura":"2 minutos"},"schema":{"@context":"https:\/\/schema.org","@graph":[{"@type":"WebSite","@id":"https:\/\/igfae.usc.es\/~igfae-old\/#website","url":"https:\/\/igfae.usc.es\/~igfae-old\/","name":"IGFAE","description":"Instituto Galego de F\u00edsica de Altas Enerx\u00edas","potentialAction":[{"@type":"SearchAction","target":{"@type":"EntryPoint","urlTemplate":"https:\/\/igfae.usc.es\/~igfae-old\/?s={search_term_string}"},"query-input":"required name=search_term_string"}],"inLanguage":"es"},{"@type":"ImageObject","@id":"https:\/\/igfae.usc.es\/~igfae-old\/es\/genero-diversidad\/#primaryimage","inLanguage":"es","url":"https:\/\/igfae.usc.es\/~igfae-old\/wp-content\/uploads\/2017\/11\/Transicion-azul-Indicadores.png","contentUrl":"https:\/\/igfae.usc.es\/~igfae-old\/wp-content\/uploads\/2017\/11\/Transicion-azul-Indicadores.png","width":1920,"height":847},{"@type":"WebPage","@id":"https:\/\/igfae.usc.es\/~igfae-old\/es\/genero-diversidad\/#webpage","url":"https:\/\/igfae.usc.es\/~igfae-old\/es\/genero-diversidad\/","name":"G\u00e9nero y Diversidad - IGFAE","isPartOf":{"@id":"https:\/\/igfae.usc.es\/~igfae-old\/#website"},"primaryImageOfPage":{"@id":"https:\/\/igfae.usc.es\/~igfae-old\/es\/genero-diversidad\/#primaryimage"},"datePublished":"2021-12-16T13:27:33+00:00","dateModified":"2024-11-25T19:14:42+00:00","breadcrumb":{"@id":"https:\/\/igfae.usc.es\/~igfae-old\/es\/genero-diversidad\/#breadcrumb"},"inLanguage":"es","potentialAction":[{"@type":"ReadAction","target":["https:\/\/igfae.usc.es\/~igfae-old\/es\/genero-diversidad\/"]}]},{"@type":"BreadcrumbList","@id":"https:\/\/igfae.usc.es\/~igfae-old\/es\/genero-diversidad\/#breadcrumb","itemListElement":[{"@type":"ListItem","position":1,"name":"Home","item":"https:\/\/igfae.usc.es\/~igfae-old\/es\/"},{"@type":"ListItem","position":2,"name":"G\u00e9nero y Diversidad"}]}]}},"_links":{"self":[{"href":"https:\/\/igfae.usc.es\/~igfae-old\/es\/wp-json\/wp\/v2\/pages\/10739"}],"collection":[{"href":"https:\/\/igfae.usc.es\/~igfae-old\/es\/wp-json\/wp\/v2\/pages"}],"about":[{"href":"https:\/\/igfae.usc.es\/~igfae-old\/es\/wp-json\/wp\/v2\/types\/page"}],"author":[{"embeddable":true,"href":"https:\/\/igfae.usc.es\/~igfae-old\/es\/wp-json\/wp\/v2\/users\/21"}],"replies":[{"embeddable":true,"href":"https:\/\/igfae.usc.es\/~igfae-old\/es\/wp-json\/wp\/v2\/comments?post=10739"}],"version-history":[{"count":22,"href":"https:\/\/igfae.usc.es\/~igfae-old\/es\/wp-json\/wp\/v2\/pages\/10739\/revisions"}],"predecessor-version":[{"id":16799,"href":"https:\/\/igfae.usc.es\/~igfae-old\/es\/wp-json\/wp\/v2\/pages\/10739\/revisions\/16799"}],"wp:featuredmedia":[{"embeddable":true,"href":"https:\/\/igfae.usc.es\/~igfae-old\/es\/wp-json\/wp\/v2\/media\/1892"}],"wp:attachment":[{"href":"https:\/\/igfae.usc.es\/~igfae-old\/es\/wp-json\/wp\/v2\/media?parent=10739"}],"curies":[{"name":"wp","href":"https:\/\/api.w.org\/{rel}","templated":true}]}}