{"id":1223,"date":"2026-02-09T16:43:22","date_gmt":"2026-02-09T16:43:22","guid":{"rendered":"https:\/\/igfae.usc.es\/labs\/?post_type=diario&#038;p=1223"},"modified":"2026-02-19T14:00:54","modified_gmt":"2026-02-19T14:00:54","slug":"09-02-2026","status":"publish","type":"diario","link":"https:\/\/igfae.usc.es\/labs\/diario\/09-02-2026\/","title":{"rendered":"09\/02\/2026"},"content":{"rendered":"\n<p>\u201cEn Par\u00eds viv\u00eda en un apartamento muy peque\u00f1o. Para aprovechar al m\u00e1ximo tal reducido espacio, pens\u00e9 en utilizar una \u00fanica puerta que se cerrar\u00eda alternativamente en uno y otro quicio. Se la mostr\u00e9 a mis amigos y comentaron que la expresi\u00f3n \u201cuna puerta debe estar abierta o cerrada\u201d hab\u00eda ca\u00eddo en flagrante delito por su inexactitud.\u201d (Marcel Duchamp)<\/p>\n\n\n\n<p>Hay objetos, como dice Mario Montalbetti, que suponen imposibilidades ling\u00fc\u00edsticas. \u00c9l habla de la mesa de Ishigami, una mesa construida con la peculiaridad de traer ya inclu\u00eddos unos objetos determinados que, dispuestos sobre una plancha fin\u00edsima de acero curvada, suman el peso exacto para que la mesa se mantenga horizontal, en perfecto equilibrio. En el momento en que se a\u00f1ade otro objeto, o nos apoyamos para comer, escribir, etc., la mesa comienza a temblar, a hundirse y se vuelve in\u00fatil (in\u00fatil en tanto mesa ling\u00fc\u00edstica, es decir, seg\u00fan lo que tendr\u00eda que significar habitualmente una mesa en relaci\u00f3n a unas determinadas funciones pr\u00e1cticas).&nbsp;<\/p>\n\n\n\n<p>Marcel Duchamp construye, en su apartamento en Par\u00eds, algo semejante y diferente al mismo tiempo. Aunque se ha elaborado desde una necesidad pr\u00e1ctica (responde a una cuesti\u00f3n de optimizaci\u00f3n del espacio) y por tanto es un objeto \u00fatil y funciona como puerta o puerta posible, \u00e9l (su entorno) hace hincapi\u00e9 en el modo en que la puerta desaf\u00eda la exactitud de una f\u00f3rmula ling\u00fc\u00edstica: \u201cuna puerta debe estar abierta o cerrada\u201d. Tiene todos los componentes para ser denominada puerta (quicio, bisagras, marco, jambas, manilla, hoja, etc.), pero \u201cfalla\u201d en el punto en que en lugar de funcionar con respecto a un \u00fanico hueco, que conecta dos estancias, lo hace con respecto a dos huecos, que conectan tres. Lo que sucede entonces es que cuando la puerta est\u00e1 cerrada para un hueco permanece abierta para el otro o viceversa, y resulta imposible hacer encajar el artilugio dentro de esa f\u00f3rmula: la puerta est\u00e1 abierta y cerrada simult\u00e1neamente.&nbsp;<\/p>\n\n\n\n<p>La puerta de Duchamp, en este sentido, problematiza desde su funci\u00f3n de l\u00edmite (l\u00edmite de una estancia\/ comienzo de otra) la pared como estructura fronteriza. La pared separa interior y exterior, dentro y fuera, y da un lugar espec\u00edfico a cada parte. La colocaci\u00f3n de una puerta (y m\u00e1s una de estas caracter\u00edsticas) hace que entre esas categor\u00edas se produzca una interferencia. Lo que hay dentro se ve alterado por lo que hay fuera y viceversa, cuando se produce una abertura o una transparencia. La posibilidad de pasar, atravesar o dejar entrar elementos de una a otra estancia (luz, im\u00e1genes, seres vivos) potencia ese car\u00e1cter lim\u00edtrofe, funci\u00f3n a\u00fan m\u00e1s exagerada en esta intervenci\u00f3n duchampiana, donde nunca es posible determinar, como dice el dicho, si aquello que vemos es \u201cgalgo o podenco\u201d.<\/p>\n\n\n\n<figure class=\"wp-block-image size-full\"><img loading=\"lazy\" decoding=\"async\" width=\"2560\" height=\"1810\" src=\"https:\/\/igfae.usc.es\/labs\/wp-content\/uploads\/PUERTA-DUCHAMP_page-0001-scaled.jpg\" alt=\"\" class=\"wp-image-1257\" srcset=\"https:\/\/igfae.usc.es\/labs\/wp-content\/uploads\/PUERTA-DUCHAMP_page-0001-scaled.jpg 2560w, https:\/\/igfae.usc.es\/labs\/wp-content\/uploads\/PUERTA-DUCHAMP_page-0001-1500x1061.jpg 1500w, https:\/\/igfae.usc.es\/labs\/wp-content\/uploads\/PUERTA-DUCHAMP_page-0001-750x530.jpg 750w, https:\/\/igfae.usc.es\/labs\/wp-content\/uploads\/PUERTA-DUCHAMP_page-0001-300x212.jpg 300w, https:\/\/igfae.usc.es\/labs\/wp-content\/uploads\/PUERTA-DUCHAMP_page-0001-150x106.jpg 150w\" sizes=\"auto, (max-width: 2560px) 100vw, 2560px\" \/><\/figure>\n","protected":false},"excerpt":{"rendered":"<p>\u201cEn Par\u00eds viv\u00eda en un apartamento muy peque\u00f1o. Para aprovechar al m\u00e1ximo tal reducido espacio, pens\u00e9 en utilizar una \u00fanica puerta que se cerrar\u00eda alternativamente en uno y otro quicio. Se la mostr\u00e9 a mis amigos y comentaron que la expresi\u00f3n \u201cuna puerta debe estar abierta o cerrada\u201d hab\u00eda ca\u00eddo en flagrante delito por su [&hellip;]<\/p>\n","protected":false},"author":5,"featured_media":0,"template":"","artista":[73],"class_list":["post-1223","diario","type-diario","status-publish","hentry","artista-andres-rivas-rodis"],"acf":[],"_links":{"self":[{"href":"https:\/\/igfae.usc.es\/labs\/wp-json\/wp\/v2\/diario\/1223","targetHints":{"allow":["GET"]}}],"collection":[{"href":"https:\/\/igfae.usc.es\/labs\/wp-json\/wp\/v2\/diario"}],"about":[{"href":"https:\/\/igfae.usc.es\/labs\/wp-json\/wp\/v2\/types\/diario"}],"author":[{"embeddable":true,"href":"https:\/\/igfae.usc.es\/labs\/wp-json\/wp\/v2\/users\/5"}],"wp:attachment":[{"href":"https:\/\/igfae.usc.es\/labs\/wp-json\/wp\/v2\/media?parent=1223"}],"wp:term":[{"taxonomy":"artista","embeddable":true,"href":"https:\/\/igfae.usc.es\/labs\/wp-json\/wp\/v2\/artista?post=1223"}],"curies":[{"name":"wp","href":"https:\/\/api.w.org\/{rel}","templated":true}]}}